{"id":14,"date":"2024-10-28T15:21:05","date_gmt":"2024-10-28T14:21:05","guid":{"rendered":"https:\/\/forum.ivip.sk\/?page_id=14"},"modified":"2025-09-26T12:33:54","modified_gmt":"2025-09-26T10:33:54","slug":"forum-spolocne-hladat-nadej","status":"publish","type":"page","link":"https:\/\/forum2024.ivip.sk\/","title":{"rendered":"F\u00d3RUM SPOLO\u010cNE H\u013dADA\u0164 N\u00c1DEJ"},"content":{"rendered":"<section class=\"bde-section-14-100 bde-section\">\n              \n  \n\t\n\n  <div class=\"section-background-overlay\"><\/div>\n\n\n<div class=\"section-container\"><div class=\"bde-image-14-321 bde-image\">\n<figure class=\"breakdance-image breakdance-image--43\">\n\t<div class=\"breakdance-image-container\">\n\t\t<div class=\"breakdance-image-clip\"><img loading=\"lazy\" decoding=\"async\" class=\"breakdance-image-object\" src=\"https:\/\/forum.ivip.sk\/wp-content\/uploads\/2024\/10\/IVIP_logo_transparent-1.png\" width=\"1067\" height=\"412\" srcset=\"https:\/\/forum.ivip.sk\/wp-content\/uploads\/2024\/10\/IVIP_logo_transparent-1.png 1067w, https:\/\/forum.ivip.sk\/wp-content\/uploads\/2024\/10\/IVIP_logo_transparent-1-300x116.png 300w, https:\/\/forum.ivip.sk\/wp-content\/uploads\/2024\/10\/IVIP_logo_transparent-1-1024x395.png 1024w, https:\/\/forum.ivip.sk\/wp-content\/uploads\/2024\/10\/IVIP_logo_transparent-1-768x297.png 768w\" sizes=\"auto, (max-width: 1067px) 100vw, 1067px\"><\/div>\n\t<\/div><\/figure>\n\n<\/div><div class=\"bde-text-14-320 bde-text\">\nf\u00f3rum\n<\/div><h1 class=\"bde-heading-14-101 bde-heading\">\nSPOLO\u010cNE H\u013dADA\u0164 N\u00c1DEJ\n<\/h1><div class=\"bde-text-14-102 bde-text\">\nv stredu 13. novembra 2024  v Sheraton Bratislava Hotel \n<\/div><\/div>\n<\/section><section class=\"bde-section-14-103 bde-section\">\n  \n\t\n\n\n\n<div class=\"section-container\"><div class=\"bde-rich-text-14-105 bde-rich-text breakdance-rich-text-styles\">\n<p><span style=\"font-weight: 400;\">Tento rok osl\u00e1vime 35. v\u00fdro\u010die Ne\u017enej revol\u00facie z novembra 1989. Bola to hviezdna chv\u00ed\u013ea kres\u0165ansk\u00e9ho aj ob\u010dianskeho odporu. T\u00e1to udalos\u0165 z roku 1989 sa u\u017e st\u00e1va historickou udalos\u0165ou, mizne zo spomienok, jej ide\u00e1ly bledn\u00fa. Dospela gener\u00e1cia, ktor\u00e1 ju v\u00f4bec neza\u017eila. Najm\u00e4 ona str\u00e1ca n\u00e1dej na \u010fal\u0161\u00ed \u017eivot na Slovensku.<\/span><\/p>\n<p><span style=\"font-weight: 400;\">Dozrel sn\u00e1\u010f \u010das na nov\u00fa revol\u00faciu alebo potrebujeme n\u00e1vrat k ide\u00e1lom tej predo\u0161lej? Ke\u010f sa h\u013ead\u00e1 n\u00e1dej, najlep\u0161ie sa h\u013ead\u00e1 v spolo\u010dnosti \u013eud\u00ed, ktor\u00ed ju chc\u00fa zdie\u013ea\u0165. Ste to aj vy? Potom mus\u00edte by\u0165 13. novembra 2024 v Hoteli Sheraton v Bratislave. Nebudeme len spom\u00edna\u0165. Budeme provokova\u0165, kl\u00e1s\u0165 \u0165a\u017ek\u00e9 ot\u00e1zky a hovori\u0165 o krajine, v akej by sme my a na\u0161e deti radi \u017eili.\u00a0<\/span><\/p>\n<\/div><\/div>\n<\/section><section class=\"bde-section-14-205 bde-section\">\n  \n\t\n\n\n\n<div class=\"section-container\"><h1 class=\"bde-heading-14-204 bde-heading\">\nProgram\n<\/h1><div class=\"bde-columns-14-208 bde-columns\"><div class=\"bde-column-14-209 bde-column\">\n  \n\t\n\n\n\n<div class=\"bde-text-14-210 bde-text\">\n10:30\n<\/div><h3 class=\"bde-heading-14-211 bde-heading\">\nRegistr\u00e1cia\n<\/h3>\n<\/div><\/div><div class=\"bde-columns-14-234 bde-columns\"><div class=\"bde-column-14-235 bde-column\">\n  \n\t\n\n\n\n<div class=\"bde-text-14-236 bde-text\">\n11:00\n<\/div><h3 class=\"bde-heading-14-237 bde-heading\">\nOtvorenie\n<\/h3><div class=\"bde-text-14-238 bde-text\">\nJ\u00e1n Fabi\u010dovic, riadite\u013e IVIP\n<\/div>\n<\/div><\/div><div class=\"bde-columns-14-239 bde-columns\"><div class=\"bde-column-14-240 bde-column\">\n  \n\t\n\n\n\n<div class=\"bde-text-14-241 bde-text\">\n11:15\n<\/div><h3 class=\"bde-heading-14-242 bde-heading\">\nPr\u00edbeh Slovenska - pr\u00edbeh n\u00e1deje\n<\/h3><div class=\"bde-text-14-243 bde-text\">\nNa \u010do sme na Slovensk\u00fa hrd\u00ed? Na \u010dom vieme spolo\u010dne stava\u0165?  Kde s\u00fa na\u0161e siln\u00e9 str\u00e1nky? Ak\u00e1 m\u00e1 by\u0165 krajina, ktor\u00fa raz odovdz\u00e1me na\u0161im de\u0165om?\n<\/div><div class=\"bde-rich-text-14-336 bde-rich-text bde-preset-1a65e67f-f2d7-4920-8a62-55f57f7d9e66 breakdance-rich-text-styles\">\n<p><strong>Franti\u0161ek Miklo\u0161ko<\/strong><br \/>poslanec NR SR<\/p>\n<p><strong>Luk\u00e1\u0161 Krivo\u0161\u00edk<\/strong><br \/>redaktor Denn\u00edka Postoj<\/p>\n<p><strong>Ag\u00e1ta \u0160\u00fastov\u00e1 Drelov\u00e1<\/strong><br \/>histori\u010dka SAV<\/p>\n<p><strong>Michal Kr\u010dm\u00e9ry<\/strong><br \/>riadite\u013e Vysokej \u0161koly sv. Al\u017ebety<\/p>\n<\/div>\n<\/div><\/div><div class=\"bde-columns-14-273 bde-columns\"><div class=\"bde-column-14-274 bde-column\">\n  \n\t\n\n\n\n<div class=\"bde-text-14-275 bde-text\">\n12:00\n<\/div><h3 class=\"bde-heading-14-276 bde-heading\">\nObed\n<\/h3>\n<\/div><\/div><div class=\"bde-columns-14-251 bde-columns\"><div class=\"bde-column-14-252 bde-column\">\n  \n\t\n\n\n\n<div class=\"bde-text-14-253 bde-text\">\n13:00\n<\/div><h3 class=\"bde-heading-14-254 bde-heading\">\nF\u00f3rum o n\u00e1deji I.\n<\/h3><div class=\"bde-text-14-324 bde-text\">\nparaleln\u00e9 diskusie s politikmi a expertmi\n<\/div><div class=\"bde-columns-14-269 bde-columns\"><div class=\"bde-column-14-270 bde-column\">\n  \n\t\n\n\n\n<div class=\"bde-rich-text-14-257 bde-rich-text bde-preset-a336d46f-d7dc-4d08-a617-2e30916a721a breakdance-rich-text-styles\">\n<h4>F\u00f3rum A<br \/>Ak\u00fd ve\u013ek\u00fd \u0161t\u00e1t naozaj potrebujeme?<br \/>\u00a0<\/h4>\n<p><strong>Marcel Klimek<\/strong><br \/><span data-sheets-formula-bar-text-style=\"font-size:13px;color:#434343;font-weight:normal;text-decoration:none;font-family:'docs-Roboto';font-style:normal;text-decoration-skip-ink:none;\">v\u00fdkonn\u00fd riadite\u013e Slovenskej bankovej asoci\u00e1cie<\/span><\/p>\n<p><strong>Marcel Mikol\u00e1\u0161ik<\/strong><br \/>ekon\u00f3m, partner v oblasti mana\u017e\u00e9rskeho poradenstva<\/p>\n<p><strong>Zuzana M\u00fa\u010dka<\/strong><br \/><span data-sheets-root=\"1\">analyti\u010dka Rady pre rozpo\u010dtov\u00fa zodpovednos\u0165<\/span><\/p>\n<p><strong>Richard Vilkus<\/strong><br \/>projektov\u00fd mana\u017e\u00e9r INESS, cenastatu.sk<\/p>\n<p>moderuje<br \/><strong>Michal Petr\u00edk<br \/><\/strong>projektov\u00fd mana\u017e\u00e9r KAS<strong><br \/><\/strong><\/p>\n<\/div>\n<\/div><div class=\"bde-column-14-271 bde-column\">\n  \n\t\n\n\n\n<div class=\"bde-rich-text-14-267 bde-rich-text bde-preset-a336d46f-d7dc-4d08-a617-2e30916a721a breakdance-rich-text-styles\">\n<h4>F\u00f3rum B<br \/>Ako lep\u0161ie vyu\u017ei\u0165 potenci\u00e1l obc\u00ed, miest <br \/>a regi\u00f3nov?<\/h4>\n<p><strong>Daniel Kojnok<br \/><\/strong>riadite\u013e Futuregion - in\u0161tit\u00fat pre reformu verejnej spr\u00e1vy<\/p>\n<p><strong>\u00c1bel Ravasz<br \/><\/strong>poradca ministra \u0161kolstva<\/p>\n<p><strong>Gabriela Viazankov\u00e1<\/strong><br \/>starostka obce Radatice<\/p>\n<p>moderuje<br \/><strong>Marek Degro<br \/><\/strong>poradca SME Connect <strong><br \/><\/strong><\/p>\n<\/div>\n<\/div><div class=\"bde-column-14-272 bde-column\">\n  \n\t\n\n\n\n<div class=\"bde-rich-text-14-268 bde-rich-text bde-preset-a336d46f-d7dc-4d08-a617-2e30916a721a breakdance-rich-text-styles\">\n<h4>F\u00f3rum C<br \/>Ako m\u00f4\u017ee by\u0165 zdravotn\u00edctvo st\u00e1le o \u010dloveku?<br \/>\u00a0<\/h4>\n<p><strong>Veronika Brunckov\u00e1<\/strong><br \/>architektka a zakladate\u013eka organiz\u00e1cie Zdrav\u00e9 zdravotn\u00edctvo<\/p>\n<p><strong>Andrea Letanovsk\u00e1<\/strong><br \/><span data-sheets-formula-bar-text-style=\"font-size:13px;color:#434343;font-weight:normal;text-decoration:none;font-family:'docs-Roboto';font-style:normal;text-decoration-skip-ink:none;\">prim\u00e1rka Oddelenia anest\u00e9ziol\u00f3gie a intenz\u00edvnej medic\u00edny v N\u00e1rodnom onkologickom \u00fastave<\/span><\/p>\n<p><strong>Franti\u0161ek Majersk\u00fd<\/strong><br \/>poslanec NR SR<\/p>\n<p>moderuje<br \/><strong>\u0160imon Jese\u0148\u00e1k<br \/><\/strong>CEO a redaktor port\u00e1lu ozdravme.sk<strong><br \/><\/strong><\/p>\n<\/div>\n<\/div><\/div>\n<\/div><\/div><div class=\"bde-columns-14-292 bde-columns\"><div class=\"bde-column-14-293 bde-column\">\n  \n\t\n\n\n\n<div class=\"bde-text-14-294 bde-text\">\n14:00\n<\/div><h3 class=\"bde-heading-14-295 bde-heading\">\nPrest\u00e1vka\n<\/h3>\n<\/div><\/div><div class=\"bde-columns-14-277 bde-columns\"><div class=\"bde-column-14-278 bde-column\">\n  \n\t\n\n\n\n<div class=\"bde-text-14-279 bde-text\">\n14:30\n<\/div><h3 class=\"bde-heading-14-280 bde-heading\">\nF\u00f3rum o n\u00e1deji II.\n<\/h3><div class=\"bde-text-14-327 bde-text\">\nparaleln\u00e9 diskusie s politikmi a expertmi\n<\/div><div class=\"bde-columns-14-281 bde-columns\"><div class=\"bde-column-14-282 bde-column\">\n  \n\t\n\n\n\n<div class=\"bde-rich-text-14-283 bde-rich-text bde-preset-a336d46f-d7dc-4d08-a617-2e30916a721a breakdance-rich-text-styles\">\n<h4>F\u00f3rum A<br \/>Kde s\u00fa slovensk\u00e9 Thatcherov\u00e9 a Merkelov\u00e9?<\/h4>\n<p><strong>Andrea Tur\u010danov\u00e1<\/strong><br \/>poslanky\u0148a NR SR<\/p>\n<p><strong>Jana \u017dit\u0148ansk\u00e1<\/strong><br \/><span data-sheets-root=\"1\">b\u00fdval\u00e1 poslanky\u0148a EP<\/span><\/p>\n<p>moderuje<br \/><strong>Mar\u00edna Galisov\u00e1<br \/><\/strong>redaktorka .t\u00fd\u017ede\u0148<strong><br \/><\/strong><\/p>\n<\/div>\n<\/div><div class=\"bde-column-14-284 bde-column\">\n  \n\t\n\n\n\n<div class=\"bde-rich-text-14-285 bde-rich-text bde-preset-a336d46f-d7dc-4d08-a617-2e30916a721a breakdance-rich-text-styles\">\n<h4>F\u00f3rum B<br \/>Potrebuje \u0161kolstvo viac slobody?<\/h4>\n<p><span data-sheets-formula-bar-text-style=\"font-size:13px;color:#434343;font-weight:normal;text-decoration:none;font-family:'docs-Roboto';font-style:normal;text-decoration-skip-ink:none;\"><strong>Zuzana Miklo\u0161 Fabrici<\/strong><br \/><span id=\"span-9-49\" class=\"ct-span oxy-stock-content-styles\">riadite\u013eka L\u00fdcea C.S. Lewisa<\/span><br \/><\/span><\/p>\n<p><strong>R\u00f3bert Chovanculiak<\/strong><br \/>analytik INESS<\/p>\n<p><strong>Sl\u00e1vka Kub\u00edkov\u00e1<\/strong><br \/>prorektorka Kol\u00e9gia Antona Neuwirtha pre Citadelu<\/p>\n<p>moderuje<br \/><strong>Tom\u00e1\u0161 Horv\u00e1th<br \/><\/strong>u\u010dite\u013e, vedie t\u00edm Krajiny \u010ditate\u013eov<\/p>\n<\/div>\n<\/div><div class=\"bde-column-14-286 bde-column\">\n  \n\t\n\n\n\n<div class=\"bde-rich-text-14-287 bde-rich-text bde-preset-a336d46f-d7dc-4d08-a617-2e30916a721a breakdance-rich-text-styles\">\n<h4>F\u00f3rum C<br \/>Ak\u00fa ob\u010diansku spolo\u010dnos\u0165 chceme tvori\u0165?<\/h4>\n<p><strong>Mari\u00e1n \u010cau\u010d\u00edk<\/strong><br \/>poslanec NR SR<\/p>\n<p><strong>brat Filip \u010cierny, OFM<\/strong><br \/>franti\u0161k\u00e1n<\/p>\n<p><strong>Hugo Gloss<\/strong><br \/>COO v DEKK In\u0161tit\u00fat<\/p>\n<p><strong>Zuzana Wienk<\/strong><br \/>vedie t\u00edm Bystr\u00edn aj Bielej vrany<\/p>\n<p>moderuje<br \/><strong>Anna Pastorekov\u00e1<br \/><\/strong>senior konzultantka v Civitta<strong><br \/><\/strong><\/p>\n<\/div>\n<\/div><\/div>\n<\/div><\/div><div class=\"bde-columns-14-245 bde-columns\"><div class=\"bde-column-14-246 bde-column\">\n  \n\t\n\n\n\n<div class=\"bde-text-14-247 bde-text\">\n15:30\n<\/div><h3 class=\"bde-heading-14-248 bde-heading\">\nPrest\u00e1vka\n<\/h3>\n<\/div><\/div><div class=\"bde-columns-14-306 bde-columns\"><div class=\"bde-column-14-307 bde-column\">\n  \n\t\n\n\n\n<div class=\"bde-text-14-308 bde-text\">\n16:00\n<\/div><h3 class=\"bde-heading-14-309 bde-heading\">\nAko dok\u00e1\u017eu stredoprav\u00ed kandid\u00e1ti v\u00ed\u0165azi\u0165?\n<\/h3><div class=\"bde-text-14-339 bde-text\">\npanelov\u00e1 diskusia\n<\/div><div class=\"bde-rich-text-14-325 bde-rich-text bde-preset-1a65e67f-f2d7-4920-8a62-55f57f7d9e66 breakdance-rich-text-styles\">\n<p><strong>Jan Grolich<\/strong> <br \/>hejtman Juhomoravsk\u00e9ho kraja<\/p>\n<p><strong>Michal Novota<br \/><\/strong>politicky strat\u00e9g v Restartup<strong><br \/><\/strong><\/p>\n<p>moderuje<br \/><strong>Alexandra Krakovsk\u00e1 Exner<br \/><\/strong><\/p>\n<\/div>\n<\/div><\/div><div class=\"bde-columns-14-296 bde-columns\"><div class=\"bde-column-14-297 bde-column\">\n  \n\t\n\n\n\n<div class=\"bde-text-14-298 bde-text\">\n17:00\n<\/div><h3 class=\"bde-heading-14-299 bde-heading\">\nPrest\u00e1vka\n<\/h3>\n<\/div><\/div><div class=\"bde-columns-14-300 bde-columns\"><div class=\"bde-column-14-301 bde-column\">\n  \n\t\n\n\n\n<div class=\"bde-text-14-302 bde-text\">\n17:30\n<\/div><h3 class=\"bde-heading-14-303 bde-heading\">\nVon z bezn\u00e1deje\n<\/h3><div class=\"bde-text-14-338 bde-text\">\npanelov\u00e1 diskusia\n<\/div><div class=\"bde-rich-text-14-326 bde-rich-text bde-preset-1a65e67f-f2d7-4920-8a62-55f57f7d9e66 breakdance-rich-text-styles\">\n<p><strong>Eduard Heger<br \/><\/strong>b\u00fdval\u00fd predseda vl\u00e1dy SR<\/p>\n<p><strong>Marian Jure\u010dka<\/strong><br \/>podpredseda vl\u00e1dy a minister pr\u00e1ce a soci\u00e1lnych vec\u00ed \u010cR<\/p>\n<p><strong>Milan Majersk\u00fd<\/strong><br \/>predseda Pre\u0161ovsk\u00e9ho samospr\u00e1vneho kraja a poslanec NR SR<\/p>\n<p>moderuje<br \/><strong>Luk\u00e1\u0161 Kekel\u00e1k<br \/><\/strong>redaktor Denn\u00edka Postoj<\/p>\n<\/div>\n<\/div><\/div><div class=\"bde-columns-14-312 bde-columns\"><div class=\"bde-column-14-313 bde-column\">\n  \n\t\n\n\n\n<div class=\"bde-text-14-314 bde-text\">\n19:00\n<\/div><h3 class=\"bde-heading-14-315 bde-heading\">\nVe\u010dern\u00fd raut\n<\/h3>\n<\/div><\/div><\/div>\n<\/section><section id=\"registracia\" class=\"bde-section-14-408 bde-section\">\n  \n\t\n\n\n\n<div class=\"section-container\"><div class=\"bde-div-14-418 bde-div\">\n  \n\t\n\n\n\n<div class=\"bde-icon-14-419 bde-icon\">\n\n    \n            <div class=\"bde-icon-icon breakdance-icon-atom\" >\n    \n                    <svg xmlns=\"http:\/\/www.w3.org\/2000\/svg\" height=\"24px\" viewBox=\"0 -960 960 960\" width=\"24px\" fill=\"#5f6368\"><path d=\"m380-300 280-180-280-180v360ZM480-80q-83 0-156-31.5T197-197q-54-54-85.5-127T80-480q0-83 31.5-156T197-763q54-54 127-85.5T480-880q83 0 156 31.5T763-763q54 54 85.5 127T880-480q0 83-31.5 156T763-197q-54 54-127 85.5T480-80Zm0-80q134 0 227-93t93-227q0-134-93-227t-227-93q-134 0-227 93t-93 227q0 134 93 227t227 93Zm0-320Z\"\/><\/svg>\n        \n        \n        \n            <\/div>\n    \n\n\n<\/div><h1 class=\"bde-heading-14-409 bde-heading\">\nZ\u00e1znamy z podujatia\n<\/h1>\n<\/div><div class=\"bde-text-14-411 bde-text\">\nVideoz\u00e1znamy z ostatn\u00e9ho ro\u010dn\u00edka konferencie \u201cSpolo\u010dne h\u013eada\u0165 n\u00e1dej\u201d n\u00e1jdete na odkaze ni\u017e\u0161ie.\n<\/div><div class=\"bde-button-14-417 bde-button\">\n    \n                                    \n    \n    \n    \n    \n            \n                    \n            \n            \n\n    \n    \n    \n    \n    \n    <a class=\"breakdance-link button-atom button-atom--custom bde-button__button\" href=\"https:\/\/komunita.ivip.sk\/\" target=\"_blank\" data-type=\"url\" rel=\"noopener\">\n\n    \n        <span class=\"button-atom__text\">Pozrie\u0165 z\u00e1znamy<\/span>\n\n                            \n        \n                <\/a>\n\n    \n\n\n<\/div><\/div>\n<\/section><section id=\"registracia\" class=\"bde-section-14-420 bde-section\">\n  \n\t\n\n\n\n<div class=\"section-container\"><div class=\"bde-div-14-421 bde-div\">\n  \n\t\n\n\n\n<div class=\"bde-icon-14-422 bde-icon\">\n\n    \n            <div class=\"bde-icon-icon breakdance-icon-atom\" >\n    \n                    <svg xmlns=\"http:\/\/www.w3.org\/2000\/svg\" height=\"24px\" viewBox=\"0 -960 960 960\" width=\"24px\" fill=\"#5f6368\"><path d=\"M640-440 474-602q-31-30-52.5-66.5T400-748q0-55 38.5-93.5T532-880q32 0 60 13.5t48 36.5q20-23 48-36.5t60-13.5q55 0 93.5 38.5T880-748q0 43-21 79.5T807-602L640-440Zm0-112 109-107q19-19 35-40.5t16-48.5q0-22-15-37t-37-15q-14 0-26.5 5.5T700-778l-60 72-60-72q-9-11-21.5-16.5T532-800q-22 0-37 15t-15 37q0 27 16 48.5t35 40.5l109 107ZM280-220l278 76 238-74q-5-9-14.5-15.5T760-240H558q-27 0-43-2t-33-8l-93-31 22-78 81 27q17 5 40 8t68 4q0-11-6.5-21T578-354l-234-86h-64v220ZM40-80v-440h304q7 0 14 1.5t13 3.5l235 87q33 12 53.5 42t20.5 66h80q50 0 85 33t35 87v40L560-60l-280-78v58H40Zm80-80h80v-280h-80v280Zm520-546Z\"\/><\/svg>\n        \n        \n        \n            <\/div>\n    \n\n\n<\/div><h1 class=\"bde-heading-14-423 bde-heading\">\nPodporte n\u00e1s\n<\/h1>\n<\/div><div class=\"bde-text-14-424 bde-text\">\nF\u00f3rum je priestor pre v\u00fdmenu n\u00e1padov, sk\u00fasenost\u00ed a odborn\u00fdch diskusi\u00ed. Va\u0161a finan\u010dn\u00e1 podpora n\u00e1m pom\u00f4\u017ee zlep\u0161ova\u0165 platformu, rozv\u00edja\u0165 nov\u00e9 funkcie a prin\u00e1\u0161a\u0165 e\u0161te hodnotnej\u0161\u00ed obsah.<br><br>Ka\u017ed\u00fd pr\u00edspevok, mal\u00fd \u010di ve\u013ek\u00fd, m\u00e1 v\u00fdznam a pos\u00fava n\u00e1s bli\u017e\u0161ie k na\u0161im cie\u013eom.\n<\/div><div class=\"bde-button-14-425 bde-button\">\n    \n                                    \n    \n    \n    \n    \n            \n                    \n            \n            \n\n    \n    \n    \n    \n    \n    <a class=\"breakdance-link button-atom button-atom--custom bde-button__button\" href=\"https:\/\/donate.stripe.com\/00gcOFbum7Cy47K4gg\" target=\"_self\" data-type=\"url\" rel=\"noopener\">\n\n    \n        <span class=\"button-atom__text\">Podporte n\u00e1s<\/span>\n\n                            \n        \n                <\/a>\n\n    \n\n\n<\/div><\/div>\n<\/section><section class=\"bde-section-14-341 bde-section\">\n  \n\t\n\n\n\n<div class=\"section-container\"><h2 class=\"bde-heading-14-350 bde-heading\">\nRe\u010dn\u00edci\n<\/h2><div class=\"bde-div-14-342 bde-div\">\n  \n\t\n\n\n\n<div class=\"bde-image-box-14-343 bde-image-box\">\n<div class=\"ee-imagebox-image\">\n  <img loading=\"lazy\" decoding=\"async\" class=\"breakdance-image-object\" src=\"https:\/\/forum.ivip.sk\/wp-content\/uploads\/2024\/11\/LukasKrivosik.jpg\" width=\"450\" height=\"450\" srcset=\"https:\/\/forum.ivip.sk\/wp-content\/uploads\/2024\/11\/LukasKrivosik.jpg 450w, https:\/\/forum.ivip.sk\/wp-content\/uploads\/2024\/11\/LukasKrivosik-300x300.jpg 300w, https:\/\/forum.ivip.sk\/wp-content\/uploads\/2024\/11\/LukasKrivosik-150x150.jpg 150w\" sizes=\"auto, (max-width: 450px) 100vw, 450px\">\n<\/div>\n<div class=\"ee-imagebox-content\">\n      <p class=\"ee-imagebox-title bde-h3\" >Luk\u00e1\u0161 Krivo\u0161\u00edk<\/p>\n    \n      <div class=\"ee-imagebox-text\" >Absolvent Pr\u00e1vnickej fakulty Univerzity Komensk\u00e9ho v Bratislave. P\u00f4sobil ako ekonomick\u00fd redaktor v t\u00fd\u017edenn\u00edku .t\u00fd\u017ede\u0148, koment\u00e1tor v spravodajskom port\u00e1li aktuality.sk. V s\u00fa\u010dasnosti je \u010dlen redakcie denn\u00edka Postoj. <\/div>\n    \n  <\/div>\n\n<\/div><div class=\"bde-image-box-14-344 bde-image-box\">\n<div class=\"ee-imagebox-image\">\n  <img loading=\"lazy\" decoding=\"async\" class=\"breakdance-image-object\" src=\"https:\/\/forum.ivip.sk\/wp-content\/uploads\/2024\/11\/Sustova-Drelova-Foto-.jpg\" width=\"2448\" height=\"1632\" srcset=\"https:\/\/forum.ivip.sk\/wp-content\/uploads\/2024\/11\/Sustova-Drelova-Foto-.jpg 2448w, https:\/\/forum.ivip.sk\/wp-content\/uploads\/2024\/11\/Sustova-Drelova-Foto--300x200.jpg 300w, https:\/\/forum.ivip.sk\/wp-content\/uploads\/2024\/11\/Sustova-Drelova-Foto--1024x683.jpg 1024w, https:\/\/forum.ivip.sk\/wp-content\/uploads\/2024\/11\/Sustova-Drelova-Foto--768x512.jpg 768w, https:\/\/forum.ivip.sk\/wp-content\/uploads\/2024\/11\/Sustova-Drelova-Foto--1536x1024.jpg 1536w, https:\/\/forum.ivip.sk\/wp-content\/uploads\/2024\/11\/Sustova-Drelova-Foto--2048x1365.jpg 2048w\" sizes=\"auto, (max-width: 2448px) 100vw, 2448px\">\n<\/div>\n<div class=\"ee-imagebox-content\">\n      <p class=\"ee-imagebox-title bde-h3\" >Ag\u00e1ta \u0160\u00fastov\u00e1 Drelov\u00e1<\/p>\n    \n      <div class=\"ee-imagebox-text\" >P\u00f4sob\u00ed ako histori\u010dka na Slovenskej akad\u00e9mii vied. Venuje sa \u010deskoslovensk\u00fdm dejin\u00e1m po roku 1945 a dejin\u00e1m n\u00e1bo\u017eenstva v strednej a v\u00fdchodnej Eur\u00f3pe. Hist\u00f3riu popularizuje v podcaste denn\u00edka Sme- Dejiny. <\/div>\n    \n  <\/div>\n\n<\/div><div class=\"bde-image-box-14-345 bde-image-box\">\n<div class=\"ee-imagebox-image\">\n  <img loading=\"lazy\" decoding=\"async\" class=\"breakdance-image-object\" src=\"https:\/\/forum.ivip.sk\/wp-content\/uploads\/2024\/11\/michalkrcmery.jpg\" width=\"720\" height=\"450\" srcset=\"https:\/\/forum.ivip.sk\/wp-content\/uploads\/2024\/11\/michalkrcmery.jpg 720w, https:\/\/forum.ivip.sk\/wp-content\/uploads\/2024\/11\/michalkrcmery-300x188.jpg 300w\" sizes=\"auto, (max-width: 720px) 100vw, 720px\">\n<\/div>\n<div class=\"ee-imagebox-content\">\n      <p class=\"ee-imagebox-title bde-h3\" >Michal Kr\u010dm\u00e9ry<\/p>\n    \n      <div class=\"ee-imagebox-text\" >V\u00fdkonn\u00fd riadite\u013e Vysokej \u0161koly zdravotn\u00edctva a soci\u00e1lnej pr\u00e1ce sv. Al\u017ebety. \u0160tudoval na univerzit\u00e1ch na Islande, vo Franc\u00fazsku, Mexiku, ale aj v Bratislave. 7 rokov pracoval na Americkej obchodnej komore a v rokoch 2021 a\u017e 2023 na Ministerstve financi\u00ed Slovenskej republiky. <\/div>\n    \n  <\/div>\n\n<\/div><div class=\"bde-image-box-14-346 bde-image-box\">\n<div class=\"ee-imagebox-image\">\n  <img loading=\"lazy\" decoding=\"async\" class=\"breakdance-image-object\" src=\"https:\/\/forum.ivip.sk\/wp-content\/uploads\/2024\/11\/richard-vilkus.webp\" width=\"450\" height=\"300\" srcset=\"https:\/\/forum.ivip.sk\/wp-content\/uploads\/2024\/11\/richard-vilkus.webp 450w, https:\/\/forum.ivip.sk\/wp-content\/uploads\/2024\/11\/richard-vilkus-300x200.webp 300w\" sizes=\"auto, (max-width: 450px) 100vw, 450px\">\n<\/div>\n<div class=\"ee-imagebox-content\">\n      <p class=\"ee-imagebox-title bde-h3\" >Richard Vilkus<\/p>\n    \n      <div class=\"ee-imagebox-text\" >Vy\u0161tudoval ekon\u00f3miu a mana\u017ement v Bratislave. Od roku 2012 sa venuje \u00fa\u010dtovn\u00edctvu a da\u0148ov\u00e9mu poradenstvu. P\u00f4sob\u00ed ako projektov\u00fd mana\u017e\u00e9r v Iness, In\u0161tit\u00fate ekonomick\u00fdch a politick\u00fdch anal\u00fdz a ako poslanec miestneho zastupite\u013estva v bratislavskej Petr\u017ealke.<\/div>\n    \n  <\/div>\n\n<\/div>\n<\/div><div class=\"bde-div-14-357 bde-div\">\n  \n\t\n\n\n\n<div class=\"bde-image-box-14-358 bde-image-box\">\n<div class=\"ee-imagebox-image\">\n  <img loading=\"lazy\" decoding=\"async\" class=\"breakdance-image-object\" src=\"https:\/\/forum.ivip.sk\/wp-content\/uploads\/2024\/11\/marcel-mikolasik.jpg\" width=\"483\" height=\"480\" srcset=\"https:\/\/forum.ivip.sk\/wp-content\/uploads\/2024\/11\/marcel-mikolasik.jpg 483w, https:\/\/forum.ivip.sk\/wp-content\/uploads\/2024\/11\/marcel-mikolasik-300x298.jpg 300w, https:\/\/forum.ivip.sk\/wp-content\/uploads\/2024\/11\/marcel-mikolasik-150x150.jpg 150w\" sizes=\"auto, (max-width: 483px) 100vw, 483px\">\n<\/div>\n<div class=\"ee-imagebox-content\">\n      <p class=\"ee-imagebox-title bde-h3\" >Marcel Mikol\u00e1\u0161ik<\/p>\n    \n      <div class=\"ee-imagebox-text\" >Riadil odbor strat\u00e9gie V\u0161eobecnej zdravotnej pois\u0165ovne. Politicky anga\u017eovan\u00fd ekon\u00f3m, so zameran\u00edm na financie, d\u00f4chodky a zdravotn\u00edctvo.<\/div>\n    \n  <\/div>\n\n<\/div><div class=\"bde-image-box-14-359 bde-image-box\">\n<div class=\"ee-imagebox-image\">\n  <img loading=\"lazy\" decoding=\"async\" class=\"breakdance-image-object\" src=\"https:\/\/forum.ivip.sk\/wp-content\/uploads\/2024\/11\/Marcel-Klimek.jpg\" width=\"341\" height=\"512\" srcset=\"https:\/\/forum.ivip.sk\/wp-content\/uploads\/2024\/11\/Marcel-Klimek.jpg 341w, https:\/\/forum.ivip.sk\/wp-content\/uploads\/2024\/11\/Marcel-Klimek-200x300.jpg 200w\" sizes=\"auto, (max-width: 341px) 100vw, 341px\">\n<\/div>\n<div class=\"ee-imagebox-content\">\n      <p class=\"ee-imagebox-title bde-h3\" >Marcel Klimek <\/p>\n    \n      <div class=\"ee-imagebox-text\" >Ekon\u00f3m a riadite\u013e Slovenskej bankovej asoci\u00e1cie. P\u00f4sobil ako \u0161t\u00e1tny tajomn\u00edk na ministerstve financi\u00ed Slovenskej republiky. Renomovan\u00fd expert so sk\u00fasenos\u0165ami z bankovn\u00edctva, verejnej spr\u00e1vy a finan\u010dn\u00edctva. <\/div>\n    \n  <\/div>\n\n<\/div><div class=\"bde-image-box-14-360 bde-image-box\">\n<div class=\"ee-imagebox-image\">\n  <img loading=\"lazy\" decoding=\"async\" class=\"breakdance-image-object\" src=\"https:\/\/forum.ivip.sk\/wp-content\/uploads\/2024\/11\/zuzana-mucka.jpg\" width=\"1200\" height=\"800\" srcset=\"https:\/\/forum.ivip.sk\/wp-content\/uploads\/2024\/11\/zuzana-mucka.jpg 1200w, https:\/\/forum.ivip.sk\/wp-content\/uploads\/2024\/11\/zuzana-mucka-300x200.jpg 300w, https:\/\/forum.ivip.sk\/wp-content\/uploads\/2024\/11\/zuzana-mucka-1024x683.jpg 1024w, https:\/\/forum.ivip.sk\/wp-content\/uploads\/2024\/11\/zuzana-mucka-768x512.jpg 768w\" sizes=\"auto, (max-width: 1200px) 100vw, 1200px\">\n<\/div>\n<div class=\"ee-imagebox-content\">\n      <p class=\"ee-imagebox-title bde-h3\" >Zuzana M\u00fa\u010dka<\/p>\n    \n      <div class=\"ee-imagebox-text\" >Vy\u0161tudovala aplikovan\u00fa matematiku na Univerzite v Sheffielde, doktor\u00e1t z\u00edskala na bratislavskom Matfyze. V s\u00fa\u010dasnosti p\u00f4sob\u00ed ako hlavn\u00e1 model\u00e1rka a analyti\u010dka v Rade pre rozpo\u010dtov\u00fa zodpovednos\u0165. <\/div>\n    \n  <\/div>\n\n<\/div><div class=\"bde-image-box-14-390 bde-image-box\">\n<div class=\"ee-imagebox-image\">\n  <img loading=\"lazy\" decoding=\"async\" class=\"breakdance-image-object\" src=\"https:\/\/forum.ivip.sk\/wp-content\/uploads\/2024\/11\/Michal-Petrik.jpeg\" width=\"225\" height=\"300\" sizes=\"auto, (max-width: 225px) 100vw, 225px\">\n<\/div>\n<div class=\"ee-imagebox-content\">\n      <p class=\"ee-imagebox-title bde-h3\" >Michal Petr\u00edk<\/p>\n    \n      <div class=\"ee-imagebox-text\" >Vzdelan\u00edm ekon\u00f3m pracuje ako projektov\u00fd mana\u017e\u00e9r v Konrad-Adenauer Stiftung. P\u00f4sobil ako poradca poslanca v nemeckom Bundestagu.<\/div>\n    \n  <\/div>\n\n<\/div>\n<\/div><div class=\"bde-div-14-362 bde-div\">\n  \n\t\n\n\n\n<div class=\"bde-image-box-14-361 bde-image-box\">\n<div class=\"ee-imagebox-image\">\n  <img loading=\"lazy\" decoding=\"async\" class=\"breakdance-image-object\" src=\"https:\/\/forum.ivip.sk\/wp-content\/uploads\/2024\/11\/Abel-Ravasz.jpeg\" width=\"203\" height=\"248\" sizes=\"auto, (max-width: 203px) 100vw, 203px\">\n<\/div>\n<div class=\"ee-imagebox-content\">\n      <p class=\"ee-imagebox-title bde-h3\" >\u00c1bel Ravasz<\/p>\n    \n      <div class=\"ee-imagebox-text\" >Poradca ministra \u0161kolstva a emeritn\u00fd prezident In\u0161tit\u00fatu Mateja Bela. P\u00f4sob\u00ed ako politol\u00f3g, sociol\u00f3g a v\u00fdskumn\u00edk so zameran\u00edm na men\u0161inov\u00e9 politiky, soci\u00e1lnu integr\u00e1ciu a soci\u00e1lnu \u0161tatistiku. V rokoch 2016 a\u017e 2020 vykon\u00e1val funkciu splnomocnenca vl\u00e1dy pre r\u00f3mske komunity.<\/div>\n    \n  <\/div>\n\n<\/div><div class=\"bde-image-box-14-363 bde-image-box\">\n<div class=\"ee-imagebox-image\">\n  <img loading=\"lazy\" decoding=\"async\" class=\"breakdance-image-object\" src=\"https:\/\/forum.ivip.sk\/wp-content\/uploads\/2024\/11\/VIAZANKOVA-Gabriela-.jpg\" width=\"370\" height=\"370\" srcset=\"https:\/\/forum.ivip.sk\/wp-content\/uploads\/2024\/11\/VIAZANKOVA-Gabriela-.jpg 370w, https:\/\/forum.ivip.sk\/wp-content\/uploads\/2024\/11\/VIAZANKOVA-Gabriela--300x300.jpg 300w, https:\/\/forum.ivip.sk\/wp-content\/uploads\/2024\/11\/VIAZANKOVA-Gabriela--150x150.jpg 150w\" sizes=\"auto, (max-width: 370px) 100vw, 370px\">\n<\/div>\n<div class=\"ee-imagebox-content\">\n      <p class=\"ee-imagebox-title bde-h3\" >Gabriela Viazankov\u00e1<\/p>\n    \n      <div class=\"ee-imagebox-text\" >Starostka obce Radatice. P\u00f4sobila ako moder\u00e1torka R\u00e1dia Regina v\u00fdchod.<\/div>\n    \n  <\/div>\n\n<\/div><div class=\"bde-image-box-14-366 bde-image-box\">\n<div class=\"ee-imagebox-image\">\n  <img loading=\"lazy\" decoding=\"async\" class=\"breakdance-image-object\" src=\"https:\/\/forum.ivip.sk\/wp-content\/uploads\/2024\/11\/Daniel-Kojnok.png\" width=\"1500\" height=\"1500\" srcset=\"https:\/\/forum.ivip.sk\/wp-content\/uploads\/2024\/11\/Daniel-Kojnok.png 1500w, https:\/\/forum.ivip.sk\/wp-content\/uploads\/2024\/11\/Daniel-Kojnok-300x300.png 300w, https:\/\/forum.ivip.sk\/wp-content\/uploads\/2024\/11\/Daniel-Kojnok-1024x1024.png 1024w, https:\/\/forum.ivip.sk\/wp-content\/uploads\/2024\/11\/Daniel-Kojnok-150x150.png 150w, https:\/\/forum.ivip.sk\/wp-content\/uploads\/2024\/11\/Daniel-Kojnok-768x768.png 768w\" sizes=\"auto, (max-width: 1500px) 100vw, 1500px\">\n<\/div>\n<div class=\"ee-imagebox-content\">\n      <p class=\"ee-imagebox-title bde-h3\" >Daniel Kojnok<\/p>\n    \n      <div class=\"ee-imagebox-text\" >Riadite\u013e In\u0161tit\u00fatu pre reformu verejnej spr\u00e1vy- Futureregion, kde ka\u017edoro\u010dne organizuje konferenciu o reforme regi\u00f3nov. B\u00fdva v Lu\u010denci, v ktorom s kolegami zalo\u017eili Inova\u010dn\u00e9 centrum, kde pracuje ako finan\u010dn\u00fd analytik. <\/div>\n    \n  <\/div>\n\n<\/div><div class=\"bde-image-box-14-392 bde-image-box\">\n<div class=\"ee-imagebox-image\">\n  <img loading=\"lazy\" decoding=\"async\" class=\"breakdance-image-object\" src=\"https:\/\/forum.ivip.sk\/wp-content\/uploads\/2024\/11\/MarekDegro.jpg\" width=\"960\" height=\"960\" srcset=\"https:\/\/forum.ivip.sk\/wp-content\/uploads\/2024\/11\/MarekDegro.jpg 960w, https:\/\/forum.ivip.sk\/wp-content\/uploads\/2024\/11\/MarekDegro-300x300.jpg 300w, https:\/\/forum.ivip.sk\/wp-content\/uploads\/2024\/11\/MarekDegro-150x150.jpg 150w, https:\/\/forum.ivip.sk\/wp-content\/uploads\/2024\/11\/MarekDegro-768x768.jpg 768w\" sizes=\"auto, (max-width: 960px) 100vw, 960px\">\n<\/div>\n<div class=\"ee-imagebox-content\">\n      <p class=\"ee-imagebox-title bde-h3\" >Marek Degro<\/p>\n    \n      <div class=\"ee-imagebox-text\" >Poradca SME Connect pre dopady Eur\u00f3psej legislat\u00edvy na mal\u00e9 a stredn\u00e9 podniky. P\u00f4sobil ako spr\u00e1vca Nad\u00e1cie Antona Tunegu, nesk\u00f4r ako poradca europoslanca.<\/div>\n    \n  <\/div>\n\n<\/div>\n<\/div><div class=\"bde-div-14-367 bde-div\">\n  \n\t\n\n\n\n<div class=\"bde-image-box-14-364 bde-image-box\">\n<div class=\"ee-imagebox-image\">\n  <img loading=\"lazy\" decoding=\"async\" class=\"breakdance-image-object\" src=\"https:\/\/forum.ivip.sk\/wp-content\/uploads\/2024\/11\/frantisek_majersky.jpg\" width=\"720\" height=\"720\" srcset=\"https:\/\/forum.ivip.sk\/wp-content\/uploads\/2024\/11\/frantisek_majersky.jpg 720w, https:\/\/forum.ivip.sk\/wp-content\/uploads\/2024\/11\/frantisek_majersky-300x300.jpg 300w, https:\/\/forum.ivip.sk\/wp-content\/uploads\/2024\/11\/frantisek_majersky-150x150.jpg 150w\" sizes=\"auto, (max-width: 720px) 100vw, 720px\">\n<\/div>\n<div class=\"ee-imagebox-content\">\n      <p class=\"ee-imagebox-title bde-h3\" >Franti\u0161ek Majersk\u00fd<\/p>\n    \n      <div class=\"ee-imagebox-text\" >Poslanec N\u00e1rodnej rady Slovenskej republiky a prezident  Slovenskej komory zdravotn\u00edckych z\u00e1chran\u00e1rov. V zdravotn\u00edctve p\u00f4sobil na ako z\u00e1chran\u00e1r od roku 2003.<\/div>\n    \n  <\/div>\n\n<\/div><div class=\"bde-image-box-14-365 bde-image-box\">\n<div class=\"ee-imagebox-image\">\n  <img loading=\"lazy\" decoding=\"async\" class=\"breakdance-image-object\" src=\"https:\/\/forum.ivip.sk\/wp-content\/uploads\/2024\/11\/veronikabrunckova.jpg\" width=\"1068\" height=\"1600\" srcset=\"https:\/\/forum.ivip.sk\/wp-content\/uploads\/2024\/11\/veronikabrunckova.jpg 1068w, https:\/\/forum.ivip.sk\/wp-content\/uploads\/2024\/11\/veronikabrunckova-200x300.jpg 200w, https:\/\/forum.ivip.sk\/wp-content\/uploads\/2024\/11\/veronikabrunckova-684x1024.jpg 684w, https:\/\/forum.ivip.sk\/wp-content\/uploads\/2024\/11\/veronikabrunckova-768x1151.jpg 768w, https:\/\/forum.ivip.sk\/wp-content\/uploads\/2024\/11\/veronikabrunckova-1025x1536.jpg 1025w\" sizes=\"auto, (max-width: 1068px) 100vw, 1068px\">\n<\/div>\n<div class=\"ee-imagebox-content\">\n      <p class=\"ee-imagebox-title bde-h3\" >Veronika Grand Brunckov\u00e1<\/p>\n    \n      <div class=\"ee-imagebox-text\" >\u0160tudovala architekt\u00faru a urbanizmus v Bratislave, Prahe a Singapure. Je zakladate\u013ekou ob\u010dianskeho zdru\u017eenia Zdrav\u00e9 zdravotn\u00edctvo, kde chc\u00fa spolu s dobrovo\u013en\u00edkmi redizajnova\u0165 slovensk\u00e9 zdravotn\u00edcke zariadenia. Pracuje ako architektka, zauj\u00edma ju udr\u017eate\u013en\u00e1 architekt\u00fara pre soci\u00e1lne alebo zdravotne znev\u00fdhodnen\u00fdch. Spoluzalo\u017eila viacer\u00e9 ob\u010dianske iniciat\u00edvy, napr\u00edklad Za slu\u0161n\u00e9 Slovensko, Zastavme hazard alebo Kres\u0165ania proti nen\u00e1visti. <\/div>\n    \n  <\/div>\n\n<\/div><div class=\"bde-image-box-14-372 bde-image-box\">\n<div class=\"ee-imagebox-image\">\n  <img loading=\"lazy\" decoding=\"async\" class=\"breakdance-image-object\" src=\"https:\/\/forum.ivip.sk\/wp-content\/uploads\/2024\/11\/Andrea-Letanovska.jpg\" width=\"1920\" height=\"1280\" srcset=\"https:\/\/forum.ivip.sk\/wp-content\/uploads\/2024\/11\/Andrea-Letanovska.jpg 1920w, https:\/\/forum.ivip.sk\/wp-content\/uploads\/2024\/11\/Andrea-Letanovska-300x200.jpg 300w, https:\/\/forum.ivip.sk\/wp-content\/uploads\/2024\/11\/Andrea-Letanovska-1024x683.jpg 1024w, https:\/\/forum.ivip.sk\/wp-content\/uploads\/2024\/11\/Andrea-Letanovska-768x512.jpg 768w, https:\/\/forum.ivip.sk\/wp-content\/uploads\/2024\/11\/Andrea-Letanovska-1536x1024.jpg 1536w\" sizes=\"auto, (max-width: 1920px) 100vw, 1920px\">\n<\/div>\n<div class=\"ee-imagebox-content\">\n      <p class=\"ee-imagebox-title bde-h3\" >Andrea Letanovsk\u00e1 <\/p>\n    \n      <div class=\"ee-imagebox-text\" >Prim\u00e1rka na ARO v N\u00e1rodnom onkologickom \u00fastave, anesteziologi\u010dka s 30 ro\u010dnou praxou v zdravotn\u00edctve. B\u00fdval\u00e1 poslanky\u0148a N\u00e1rodnej rady Slovenskej republiky, podpredsedn\u00ed\u010dka strany Demokrati a pedagogi\u010dka na katedre urgentnej medic\u00edny Slovenskej zdravotn\u00edckej univerzity. <\/div>\n    \n  <\/div>\n\n<\/div><div class=\"bde-image-box-14-393 bde-image-box\">\n<div class=\"ee-imagebox-image\">\n  <img loading=\"lazy\" decoding=\"async\" class=\"breakdance-image-object\" src=\"https:\/\/forum.ivip.sk\/wp-content\/uploads\/2024\/11\/Simon-Jasenak.jpg\" width=\"471\" height=\"480\" srcset=\"https:\/\/forum.ivip.sk\/wp-content\/uploads\/2024\/11\/Simon-Jasenak.jpg 471w, https:\/\/forum.ivip.sk\/wp-content\/uploads\/2024\/11\/Simon-Jasenak-294x300.jpg 294w\" sizes=\"auto, (max-width: 471px) 100vw, 471px\">\n<\/div>\n<div class=\"ee-imagebox-content\">\n      <p class=\"ee-imagebox-title bde-h3\" >\u0160imon Jase\u0148\u00e1k<\/p>\n    \n      <div class=\"ee-imagebox-text\" >CEO a redaktor \u0161pecializovan\u00e9ho port\u00e1lu ozdravme.sk. Predt\u00fdm novin\u00e1r v .t\u00fd\u017ede\u0148.<\/div>\n    \n  <\/div>\n\n<\/div>\n<\/div><div class=\"bde-div-14-373 bde-div\">\n  \n\t\n\n\n\n<div class=\"bde-image-box-14-368 bde-image-box\">\n<div class=\"ee-imagebox-image\">\n  <img loading=\"lazy\" decoding=\"async\" class=\"breakdance-image-object\" src=\"https:\/\/forum.ivip.sk\/wp-content\/uploads\/2024\/11\/Andrea_Turcanova_2024.jpg\" width=\"230\" height=\"288\" sizes=\"auto, (max-width: 230px) 100vw, 230px\">\n<\/div>\n<div class=\"ee-imagebox-content\">\n      <p class=\"ee-imagebox-title bde-h3\" >Andrea Tur\u010danov\u00e1<\/p>\n    \n      <div class=\"ee-imagebox-text\" >Poslanky\u0148a N\u00e1rodnej rady Slovenskej republiky a krajsk\u00e1 poslanky\u0148a Pre\u0161ovsk\u00e9ho samospr\u00e1vneho kraja. V rokoch 2014 a\u017e 2022 zast\u00e1vala funkciu prim\u00e1torky Pre\u0161ova. V politike sa venuje sa najm\u00e4 soci\u00e1lnym a region\u00e1lnym t\u00e9mam. <\/div>\n    \n  <\/div>\n\n<\/div><div class=\"bde-image-box-14-370 bde-image-box\">\n<div class=\"ee-imagebox-image\">\n  <img loading=\"lazy\" decoding=\"async\" class=\"breakdance-image-object\" src=\"https:\/\/forum.ivip.sk\/wp-content\/uploads\/2024\/11\/janka-zitnanska.jpg\" width=\"400\" height=\"400\" srcset=\"https:\/\/forum.ivip.sk\/wp-content\/uploads\/2024\/11\/janka-zitnanska.jpg 400w, https:\/\/forum.ivip.sk\/wp-content\/uploads\/2024\/11\/janka-zitnanska-300x300.jpg 300w, https:\/\/forum.ivip.sk\/wp-content\/uploads\/2024\/11\/janka-zitnanska-150x150.jpg 150w\" sizes=\"auto, (max-width: 400px) 100vw, 400px\">\n<\/div>\n<div class=\"ee-imagebox-content\">\n      <p class=\"ee-imagebox-title bde-h3\" >Jana \u017dit\u0148ansk\u00e1<\/p>\n    \n      <div class=\"ee-imagebox-text\" >B\u00fdval\u00e1 slovensk\u00e1 poslanky\u0148a a europoslanky\u0148a. Dlhodobo sa venuje t\u00e9mam ochrane \u013eud\u00ed so zdravotn\u00fdm postihnut\u00edm, ochrane seniorov a mlad\u00fdch rod\u00edn. Vy\u0161tudovala \u017eurnalistiku na Slovensku a vo Franc\u00fazsku. <\/div>\n    \n  <\/div>\n\n<\/div><div class=\"bde-image-box-14-394 bde-image-box\">\n<div class=\"ee-imagebox-image\">\n  <img loading=\"lazy\" decoding=\"async\" class=\"breakdance-image-object\" src=\"https:\/\/forum.ivip.sk\/wp-content\/uploads\/2024\/11\/marinagalisova.png\" width=\"600\" height=\"600\" srcset=\"https:\/\/forum.ivip.sk\/wp-content\/uploads\/2024\/11\/marinagalisova.png 600w, https:\/\/forum.ivip.sk\/wp-content\/uploads\/2024\/11\/marinagalisova-300x300.png 300w, https:\/\/forum.ivip.sk\/wp-content\/uploads\/2024\/11\/marinagalisova-150x150.png 150w\" sizes=\"auto, (max-width: 600px) 100vw, 600px\">\n<\/div>\n<div class=\"ee-imagebox-content\">\n      <p class=\"ee-imagebox-title bde-h3\" >Mar\u00edna Galisov\u00e1<\/p>\n    \n      <div class=\"ee-imagebox-text\" >Redaktorka t\u00fd\u017edenn\u00edka .t\u00fd\u017ede\u0148. <\/div>\n    \n  <\/div>\n\n<\/div><div class=\"bde-image-box-14-374 bde-image-box\">\n<div class=\"ee-imagebox-image\">\n  <img loading=\"lazy\" decoding=\"async\" class=\"breakdance-image-object\" src=\"https:\/\/forum.ivip.sk\/wp-content\/uploads\/2024\/11\/robert-chovanculiak.jpg\" width=\"400\" height=\"400\" srcset=\"https:\/\/forum.ivip.sk\/wp-content\/uploads\/2024\/11\/robert-chovanculiak.jpg 400w, https:\/\/forum.ivip.sk\/wp-content\/uploads\/2024\/11\/robert-chovanculiak-300x300.jpg 300w, https:\/\/forum.ivip.sk\/wp-content\/uploads\/2024\/11\/robert-chovanculiak-150x150.jpg 150w\" sizes=\"auto, (max-width: 400px) 100vw, 400px\">\n<\/div>\n<div class=\"ee-imagebox-content\">\n      <p class=\"ee-imagebox-title bde-h3\" >R\u00f3bert Chovanculiak <\/p>\n    \n      <div class=\"ee-imagebox-text\" >P\u00f4sob\u00ed ako analytik pre INESS- In\u0161tit\u00fat ekonomick\u00fdch a soci\u00e1lnych \u0161t\u00fadi\u00ed. Moment\u00e1lne pracuje aj na v\u00fdskume o fungovan\u00ed verejn\u00e9ho sektora, internetov\u00fdch technol\u00f3gi\u00e1ch a \u0161kolstve v Prahe. Vy\u0161tudoval Ekonomick\u00fa fakultu Univerzity Mateja Bela v Banskej Bystrici, kde z\u00edskal aj doktor\u00e1t. <\/div>\n    \n  <\/div>\n\n<\/div>\n<\/div><div class=\"bde-div-14-395 bde-div\">\n  \n\t\n\n\n\n<div class=\"bde-image-box-14-375 bde-image-box\">\n<div class=\"ee-imagebox-image\">\n  <img loading=\"lazy\" decoding=\"async\" class=\"breakdance-image-object\" src=\"https:\/\/forum.ivip.sk\/wp-content\/uploads\/2024\/11\/Slavka-Kubikova.jpg\" width=\"608\" height=\"912\" srcset=\"https:\/\/forum.ivip.sk\/wp-content\/uploads\/2024\/11\/Slavka-Kubikova.jpg 608w, https:\/\/forum.ivip.sk\/wp-content\/uploads\/2024\/11\/Slavka-Kubikova-200x300.jpg 200w\" sizes=\"auto, (max-width: 608px) 100vw, 608px\">\n<\/div>\n<div class=\"ee-imagebox-content\">\n      <p class=\"ee-imagebox-title bde-h3\" >Sl\u00e1vka Kub\u00edkov\u00e1 <\/p>\n    \n      <div class=\"ee-imagebox-text\" >Prorektorka Kol\u00e9gia Antona Neuwirtha pre Citadelu. Autorka kni\u017en\u00fdch bestsellerov Klub nerozbitn\u00fdch det\u00ed a Krotitelia displejov. B\u00fdval\u00e1 novin\u00e1rka a finan\u010dn\u00e1 mana\u017e\u00e9rka. <\/div>\n    \n  <\/div>\n\n<\/div><div class=\"bde-image-box-14-400 bde-image-box\">\n<div class=\"ee-imagebox-image\">\n  <img loading=\"lazy\" decoding=\"async\" class=\"breakdance-image-object\" src=\"https:\/\/forum.ivip.sk\/wp-content\/uploads\/2024\/11\/zuzanamiklosfabrici.jpg\" width=\"683\" height=\"1024\" srcset=\"https:\/\/forum.ivip.sk\/wp-content\/uploads\/2024\/11\/zuzanamiklosfabrici.jpg 683w, https:\/\/forum.ivip.sk\/wp-content\/uploads\/2024\/11\/zuzanamiklosfabrici-200x300.jpg 200w\" sizes=\"auto, (max-width: 683px) 100vw, 683px\">\n<\/div>\n<div class=\"ee-imagebox-content\">\n      <p class=\"ee-imagebox-title bde-h3\" >Zuzana Miklo\u0161 Fabrici<\/p>\n    \n      <div class=\"ee-imagebox-text\" >Riadite\u013eka L\u00fdcea C.S. Lewisa, strednej odbornej \u0161koly zameranej na podnikavos\u0165, digit\u00e1lne technol\u00f3gie a budovanie charakteru. Cel\u00fd \u017eivot p\u00f4sob\u00ed v \u0161kolstve. Vy\u0161tudovala u\u010dite\u013estvo anglick\u00e9ho a nemeck\u00e9ho jazyka, p\u00f4sobila ako u\u010dite\u013eka a nesk\u00f4r z\u00e1stupky\u0148a na cirkevnej z\u00e1kladnej \u0161kole Narnia v Bratislave.<\/div>\n    \n  <\/div>\n\n<\/div><div class=\"bde-image-box-14-377 bde-image-box\">\n<div class=\"ee-imagebox-image\">\n  <img loading=\"lazy\" decoding=\"async\" class=\"breakdance-image-object\" src=\"https:\/\/forum.ivip.sk\/wp-content\/uploads\/2024\/11\/Marian-Caucik.jpg\" width=\"300\" height=\"300\" srcset=\"https:\/\/forum.ivip.sk\/wp-content\/uploads\/2024\/11\/Marian-Caucik.jpg 300w, https:\/\/forum.ivip.sk\/wp-content\/uploads\/2024\/11\/Marian-Caucik-150x150.jpg 150w\" sizes=\"auto, (max-width: 300px) 100vw, 300px\">\n<\/div>\n<div class=\"ee-imagebox-content\">\n      <p class=\"ee-imagebox-title bde-h3\" >Mari\u00e1n \u010cau\u010d\u00edk<\/p>\n    \n      <div class=\"ee-imagebox-text\" >Poslanec N\u00e1rodnej rady Slovenskej republiky zo strany KDH. B\u00fdval\u00fd aktivista tajnej cirkvi a bojovn\u00edk za kres\u0165ansk\u00e9 hodnoty. V roku 2018 mu bol udelen\u00fd Pribinov kr\u00ed\u017e II. stup\u0148a za mimoriadne z\u00e1sluhy o soci\u00e1lny rozvoj Slovenskej republiky.<\/div>\n    \n  <\/div>\n\n<\/div><div class=\"bde-image-box-14-379 bde-image-box\">\n<div class=\"ee-imagebox-image\">\n  <img loading=\"lazy\" decoding=\"async\" class=\"breakdance-image-object\" src=\"https:\/\/forum.ivip.sk\/wp-content\/uploads\/2024\/11\/Filip-Cierny.jpg\" width=\"1024\" height=\"683\" srcset=\"https:\/\/forum.ivip.sk\/wp-content\/uploads\/2024\/11\/Filip-Cierny.jpg 1024w, https:\/\/forum.ivip.sk\/wp-content\/uploads\/2024\/11\/Filip-Cierny-300x200.jpg 300w, https:\/\/forum.ivip.sk\/wp-content\/uploads\/2024\/11\/Filip-Cierny-768x512.jpg 768w\" sizes=\"auto, (max-width: 1024px) 100vw, 1024px\">\n<\/div>\n<div class=\"ee-imagebox-content\">\n      <p class=\"ee-imagebox-title bde-h3\" >Brat Filip \u010cierny <\/p>\n    \n      <div class=\"ee-imagebox-text\" >Katol\u00edcky k\u0148az a gvardi\u00e1n franti\u0161k\u00e1nskeho kl\u00e1\u0161tora vo Fi\u013eakove. <\/div>\n    \n  <\/div>\n\n<\/div>\n<\/div><div class=\"bde-div-14-378 bde-div\">\n  \n\t\n\n\n\n<div class=\"bde-image-box-14-380 bde-image-box\">\n<div class=\"ee-imagebox-image\">\n  <img loading=\"lazy\" decoding=\"async\" class=\"breakdance-image-object\" src=\"https:\/\/forum.ivip.sk\/wp-content\/uploads\/2024\/11\/Zuzana-Wienk.jpg\" width=\"2448\" height=\"1632\" srcset=\"https:\/\/forum.ivip.sk\/wp-content\/uploads\/2024\/11\/Zuzana-Wienk.jpg 2448w, https:\/\/forum.ivip.sk\/wp-content\/uploads\/2024\/11\/Zuzana-Wienk-300x200.jpg 300w, https:\/\/forum.ivip.sk\/wp-content\/uploads\/2024\/11\/Zuzana-Wienk-1024x683.jpg 1024w, https:\/\/forum.ivip.sk\/wp-content\/uploads\/2024\/11\/Zuzana-Wienk-768x512.jpg 768w, https:\/\/forum.ivip.sk\/wp-content\/uploads\/2024\/11\/Zuzana-Wienk-1536x1024.jpg 1536w, https:\/\/forum.ivip.sk\/wp-content\/uploads\/2024\/11\/Zuzana-Wienk-2048x1365.jpg 2048w\" sizes=\"auto, (max-width: 2448px) 100vw, 2448px\">\n<\/div>\n<div class=\"ee-imagebox-content\">\n      <p class=\"ee-imagebox-title bde-h3\" >Zuzana Wienk <\/p>\n    \n      <div class=\"ee-imagebox-text\" >Vedie ob\u010dianske zdru\u017eenie Bystriny, ktor\u00e9 prep\u00e1ja u\u017eito\u010dn\u00e9 projekty a akt\u00edvnych \u013eud\u00ed po celom Slovensku. P\u00f4sobila ako \u017eurnalistka a zalo\u017eila Alianciu Fair- play, ktor\u00e1 sa venovala investigat\u00edve a odhalovaniu korup\u010dn\u00fdch k\u00e1uz. Okrem toho vedie aj organiz\u00e1ciu Biela vrana, ktor\u00e1 ka\u017edoro\u010dne oce\u0148uje spolo\u010densky pr\u00ednosn\u00e9 ob\u010dianske \u010diny. <\/div>\n    \n  <\/div>\n\n<\/div><div class=\"bde-image-box-14-381 bde-image-box\">\n<div class=\"ee-imagebox-image\">\n  <img loading=\"lazy\" decoding=\"async\" class=\"breakdance-image-object\" src=\"https:\/\/forum.ivip.sk\/wp-content\/uploads\/2024\/11\/Hugo-Gloss.jpg\" width=\"400\" height=\"579\" srcset=\"https:\/\/forum.ivip.sk\/wp-content\/uploads\/2024\/11\/Hugo-Gloss.jpg 400w, https:\/\/forum.ivip.sk\/wp-content\/uploads\/2024\/11\/Hugo-Gloss-207x300.jpg 207w\" sizes=\"auto, (max-width: 400px) 100vw, 400px\">\n<\/div>\n<div class=\"ee-imagebox-content\">\n      <p class=\"ee-imagebox-title bde-h3\" >Hugo Gloss<\/p>\n    \n      <div class=\"ee-imagebox-text\" >P\u00f4sob\u00ed ako opera\u010dn\u00fd riadite\u013e v DEKK in\u0161tit\u00fate, \u010do je slovensk\u00e1 nez\u00e1visl\u00e1 v\u00fdskumn\u00e1 organiz\u00e1cia sk\u00famaj\u00faca spolo\u010dnos\u0165. V minulosti koordinoval humanit\u00e1rne projekty Slovenskej katol\u00edckej charity na Bl\u00edzkom v\u00fdchode \u010di Ukrajine. Vy\u0161tudoval medzin\u00e1rodn\u00e9 vz\u0165ahy a diplomaciu v Bologni a R\u00edme, v s\u00fa\u010dasnosti si dor\u00e1ba doktor\u00e1t na Filozofickej fakulte Univerzity Komensk\u00e9ho v Bratislave. <\/div>\n    \n  <\/div>\n\n<\/div><div class=\"bde-image-box-14-401 bde-image-box\">\n<div class=\"ee-imagebox-image\">\n  <img loading=\"lazy\" decoding=\"async\" class=\"breakdance-image-object\" src=\"https:\/\/forum.ivip.sk\/wp-content\/uploads\/2024\/11\/Anna-Pastorekova.jpg\" width=\"800\" height=\"800\" srcset=\"https:\/\/forum.ivip.sk\/wp-content\/uploads\/2024\/11\/Anna-Pastorekova.jpg 800w, https:\/\/forum.ivip.sk\/wp-content\/uploads\/2024\/11\/Anna-Pastorekova-300x300.jpg 300w, https:\/\/forum.ivip.sk\/wp-content\/uploads\/2024\/11\/Anna-Pastorekova-150x150.jpg 150w, https:\/\/forum.ivip.sk\/wp-content\/uploads\/2024\/11\/Anna-Pastorekova-768x768.jpg 768w\" sizes=\"auto, (max-width: 800px) 100vw, 800px\">\n<\/div>\n<div class=\"ee-imagebox-content\">\n      <p class=\"ee-imagebox-title bde-h3\" >Anna Pastorekov\u00e1<\/p>\n    \n      <div class=\"ee-imagebox-text\" >Senuor konzultantka v Civitta.<\/div>\n    \n  <\/div>\n\n<\/div>\n<\/div><div class=\"bde-div-14-402 bde-div\">\n  \n\t\n\n\n\n<div class=\"bde-image-box-14-382 bde-image-box\">\n<div class=\"ee-imagebox-image\">\n  <img loading=\"lazy\" decoding=\"async\" class=\"breakdance-image-object\" src=\"https:\/\/forum.ivip.sk\/wp-content\/uploads\/2024\/11\/Jan-Grolich.webp\" width=\"1000\" height=\"627\" srcset=\"https:\/\/forum.ivip.sk\/wp-content\/uploads\/2024\/11\/Jan-Grolich.webp 1000w, https:\/\/forum.ivip.sk\/wp-content\/uploads\/2024\/11\/Jan-Grolich-300x188.webp 300w, https:\/\/forum.ivip.sk\/wp-content\/uploads\/2024\/11\/Jan-Grolich-768x482.webp 768w\" sizes=\"auto, (max-width: 1000px) 100vw, 1000px\">\n<\/div>\n<div class=\"ee-imagebox-content\">\n      <p class=\"ee-imagebox-title bde-h3\" >Jan Grolich<\/p>\n    \n      <div class=\"ee-imagebox-text\" >Hejtman Juhomoravsk\u00e9ho kraja, ktor\u00fd svoju funkciu obh\u00e1jil v posledn\u00fdch vo\u013eb\u00e1ch s ohromuj\u00facim v\u00fdsledkom s takmer 40%. V komun\u00e1lnej politike p\u00f4sob\u00ed od roku 2010, kedy sa v 26 rokoch stal starostom obce Velatice. Vy\u0161tudoval pr\u00e1vo na Masarykovej univerzite v Brne. <\/div>\n    \n  <\/div>\n\n<\/div><div class=\"bde-image-box-14-406 bde-image-box\">\n<div class=\"ee-imagebox-image\">\n  <img loading=\"lazy\" decoding=\"async\" class=\"breakdance-image-object\" src=\"https:\/\/forum.ivip.sk\/wp-content\/uploads\/2024\/11\/michal-novota.jpg\" width=\"800\" height=\"800\" srcset=\"https:\/\/forum.ivip.sk\/wp-content\/uploads\/2024\/11\/michal-novota.jpg 800w, https:\/\/forum.ivip.sk\/wp-content\/uploads\/2024\/11\/michal-novota-300x300.jpg 300w, https:\/\/forum.ivip.sk\/wp-content\/uploads\/2024\/11\/michal-novota-150x150.jpg 150w, https:\/\/forum.ivip.sk\/wp-content\/uploads\/2024\/11\/michal-novota-768x768.jpg 768w\" sizes=\"auto, (max-width: 800px) 100vw, 800px\">\n<\/div>\n<div class=\"ee-imagebox-content\">\n      <p class=\"ee-imagebox-title bde-h3\" >Michal Novota<\/p>\n    \n      <div class=\"ee-imagebox-text\" >Venuje sa konzultingu a kou\u010dingu v oblasti politick\u00e9ho marketingu, re\u0161tartu a rozvoja zna\u010diek, PR strat\u00e9gi\u00ed, komunika\u010dn\u00fdch a l\u00eddersk\u00fdch zru\u010dnost\u00ed v spolo\u010dnosti Restartup, ktor\u00fa zalo\u017eil v roku 2012. Bol poradcom prezidentky Slovenskej republiky pre vn\u00fatorn\u00fa politiku.<\/div>\n    \n  <\/div>\n\n<\/div><div class=\"bde-image-box-14-407 bde-image-box\">\n<div class=\"ee-imagebox-image\">\n  <img loading=\"lazy\" decoding=\"async\" class=\"breakdance-image-object\" src=\"https:\/\/forum.ivip.sk\/wp-content\/uploads\/2024\/11\/Lukas-Kekelak.jpg\" width=\"450\" height=\"450\" srcset=\"https:\/\/forum.ivip.sk\/wp-content\/uploads\/2024\/11\/Lukas-Kekelak.jpg 450w, https:\/\/forum.ivip.sk\/wp-content\/uploads\/2024\/11\/Lukas-Kekelak-300x300.jpg 300w, https:\/\/forum.ivip.sk\/wp-content\/uploads\/2024\/11\/Lukas-Kekelak-150x150.jpg 150w\" sizes=\"auto, (max-width: 450px) 100vw, 450px\">\n<\/div>\n<div class=\"ee-imagebox-content\">\n      <p class=\"ee-imagebox-title bde-h3\" >Luk\u00e1\u0161 Kekel\u00e1k<\/p>\n    \n      <div class=\"ee-imagebox-text\" >Redaktor denn\u00edka Postoj. Vy\u0161tudoval \u017eurnalistiku na Katol\u00edckej univerzite v Ru\u017eomberku a na Univerzite Komensk\u00e9ho v Bratislave. Venuje sa najm\u00e4 politike a zdravotn\u00edctvu.<\/div>\n    \n  <\/div>\n\n<\/div>\n<\/div><div class=\"bde-div-14-383 bde-div\">\n  \n\t\n\n\n\n<div class=\"bde-image-box-14-384 bde-image-box\">\n<div class=\"ee-imagebox-image\">\n  <img loading=\"lazy\" decoding=\"async\" class=\"breakdance-image-object\" src=\"https:\/\/forum.ivip.sk\/wp-content\/uploads\/2024\/11\/Eduard-Heger.jpg\" width=\"1520\" height=\"1080\" srcset=\"https:\/\/forum.ivip.sk\/wp-content\/uploads\/2024\/11\/Eduard-Heger.jpg 1520w, https:\/\/forum.ivip.sk\/wp-content\/uploads\/2024\/11\/Eduard-Heger-300x213.jpg 300w, https:\/\/forum.ivip.sk\/wp-content\/uploads\/2024\/11\/Eduard-Heger-1024x728.jpg 1024w, https:\/\/forum.ivip.sk\/wp-content\/uploads\/2024\/11\/Eduard-Heger-768x546.jpg 768w\" sizes=\"auto, (max-width: 1520px) 100vw, 1520px\">\n<\/div>\n<div class=\"ee-imagebox-content\">\n      <p class=\"ee-imagebox-title bde-h3\" >Eduard Heger<\/p>\n    \n      <div class=\"ee-imagebox-text\" >B\u00fdval\u00fd premi\u00e9r Slovenskej republiky. V s\u00fa\u010dasnosti podpredseda strany Demokrati. B\u00fdval\u00fd vrcholov\u00fd mana\u017e\u00e9r a absolvent Ekonomickej univerzity v Bratislave. <\/div>\n    \n  <\/div>\n\n<\/div><div class=\"bde-image-box-14-385 bde-image-box\">\n<div class=\"ee-imagebox-image\">\n  <img loading=\"lazy\" decoding=\"async\" class=\"breakdance-image-object\" src=\"https:\/\/forum.ivip.sk\/wp-content\/uploads\/2024\/11\/Marian-Jurecka.jpg\" width=\"1194\" height=\"742\" srcset=\"https:\/\/forum.ivip.sk\/wp-content\/uploads\/2024\/11\/Marian-Jurecka.jpg 1194w, https:\/\/forum.ivip.sk\/wp-content\/uploads\/2024\/11\/Marian-Jurecka-300x186.jpg 300w, https:\/\/forum.ivip.sk\/wp-content\/uploads\/2024\/11\/Marian-Jurecka-1024x636.jpg 1024w, https:\/\/forum.ivip.sk\/wp-content\/uploads\/2024\/11\/Marian-Jurecka-768x477.jpg 768w\" sizes=\"auto, (max-width: 1194px) 100vw, 1194px\">\n<\/div>\n<div class=\"ee-imagebox-content\">\n      <p class=\"ee-imagebox-title bde-h3\" >Mari\u00e1n Jure\u010dka <\/p>\n    \n      <div class=\"ee-imagebox-text\" >Minister pr\u00e1ce a soci\u00e1lnych vec\u00ed \u010ceskej republiky. Vy\u0161tudoval Mendelovu univerzitu v Brne, nesk\u00f4r sa venoval podnikaniu v po\u013enohospod\u00e1rstve. Mimo politiky sa venuje aj charite a skautingu.<\/div>\n    \n  <\/div>\n\n<\/div><div class=\"bde-image-box-14-386 bde-image-box\">\n<div class=\"ee-imagebox-image\">\n  <img loading=\"lazy\" decoding=\"async\" class=\"breakdance-image-object\" src=\"https:\/\/forum.ivip.sk\/wp-content\/uploads\/2024\/11\/Milan-Majersky.png\" width=\"1000\" height=\"1000\" srcset=\"https:\/\/forum.ivip.sk\/wp-content\/uploads\/2024\/11\/Milan-Majersky.png 1000w, https:\/\/forum.ivip.sk\/wp-content\/uploads\/2024\/11\/Milan-Majersky-300x300.png 300w, https:\/\/forum.ivip.sk\/wp-content\/uploads\/2024\/11\/Milan-Majersky-150x150.png 150w, https:\/\/forum.ivip.sk\/wp-content\/uploads\/2024\/11\/Milan-Majersky-768x768.png 768w\" sizes=\"auto, (max-width: 1000px) 100vw, 1000px\">\n<\/div>\n<div class=\"ee-imagebox-content\">\n      <p class=\"ee-imagebox-title bde-h3\" >Milan Majersk\u00fd<\/p>\n    \n      <div class=\"ee-imagebox-text\" >Poslanec N\u00e1rodnej rady Slovenskej republiky a predseda politickej strany KDH. Od roku 2017 vykon\u00e1va funkciu predsedu Pre\u0161ovsk\u00e9ho samospr\u00e1vneho kraja. V minulosti p\u00f4sobil dlh\u00e9 roky ako pedag\u00f3g, nesk\u00f4r mestsk\u00fd poslanec a prim\u00e1tor mesta Levo\u010da. <\/div>\n    \n  <\/div>\n\n<\/div>\n<\/div><\/div>\n<\/section><section class=\"bde-section-14-316 bde-section\">\n  \n\t\n\n\n\n<div class=\"section-container\"><div class=\"bde-div-14-322 bde-div\">\n  \n\t\n\n\n\n<div class=\"bde-image-14-318 bde-image\">\n<figure class=\"breakdance-image breakdance-image--83\">\n\t<div class=\"breakdance-image-container\">\n\t\t<div class=\"breakdance-image-clip\"><a class=\"breakdance-image-link breakdance-image-link--url\" href=\"https:\/\/www.ivip.sk\" target=\"_blank\" rel=\"noopener\" data-sub-html=\"\" data-lg-size=\"-\"><img loading=\"lazy\" decoding=\"async\" class=\"breakdance-image-object\" src=\"https:\/\/forum.ivip.sk\/wp-content\/uploads\/2024\/10\/IVIP_logo_negativ-e1730240899912.png\" width=\"1000\" height=\"368\" srcset=\"https:\/\/forum.ivip.sk\/wp-content\/uploads\/2024\/10\/IVIP_logo_negativ-e1730240899912.png 1000w, https:\/\/forum.ivip.sk\/wp-content\/uploads\/2024\/10\/IVIP_logo_negativ-e1730240899912-300x110.png 300w, https:\/\/forum.ivip.sk\/wp-content\/uploads\/2024\/10\/IVIP_logo_negativ-e1730240899912-768x283.png 768w\" sizes=\"auto, (max-width: 1000px) 100vw, 1000px\"><\/a><\/div>\n\t<\/div><\/figure>\n\n<\/div><div class=\"bde-image-14-323 bde-image\">\n<figure class=\"breakdance-image breakdance-image--38\">\n\t<div class=\"breakdance-image-container\">\n\t\t<div class=\"breakdance-image-clip\"><a class=\"breakdance-image-link breakdance-image-link--url\" href=\"https:\/\/www.kas.de\/sk\/web\/slowakei\" target=\"_blank\" rel=\"noopener\" data-sub-html=\"\" data-lg-size=\"-\"><img loading=\"lazy\" decoding=\"async\" class=\"breakdance-image-object\" src=\"https:\/\/forum.ivip.sk\/wp-content\/uploads\/2024\/10\/KAS.png\" width=\"400\" height=\"123\" srcset=\"https:\/\/forum.ivip.sk\/wp-content\/uploads\/2024\/10\/KAS.png 400w, https:\/\/forum.ivip.sk\/wp-content\/uploads\/2024\/10\/KAS-300x92.png 300w\" sizes=\"auto, (max-width: 400px) 100vw, 400px\"><\/a><\/div>\n\t<\/div><\/figure>\n\n<\/div>\n<\/div><div class=\"bde-text-14-317 bde-text\">\nPodujatie organizuje IVIP s podporou Konrad-Adenauer-Stiftung. <br>Zmena programu vyhraden\u00e1.\n<\/div><\/div>\n<\/section>","protected":false},"excerpt":{"rendered":"<p>f\u00f3rum SPOLO\u010cNE H\u013dADA\u0164 N\u00c1DEJ v stredu 13. novembra 2024 v Sheraton Bratislava Hotel Tento rok osl\u00e1vime 35. v\u00fdro\u010die Ne\u017enej revol\u00facie z novembra 1989. Bola to hviezdna chv\u00ed\u013ea kres\u0165ansk\u00e9ho aj ob\u010dianskeho odporu. T\u00e1to udalos\u0165 z roku 1989 sa u\u017e st\u00e1va historickou udalos\u0165ou, mizne zo spomienok, jej ide\u00e1ly bledn\u00fa. Dospela gener\u00e1cia, ktor\u00e1 ju v\u00f4bec neza\u017eila. Najm\u00e4 ona [&hellip;]<\/p>\n","protected":false},"author":1,"featured_media":0,"parent":0,"menu_order":0,"comment_status":"closed","ping_status":"closed","template":"","meta":{"rank_math_lock_modified_date":false,"_breakdance_hide_in_design_set":false,"_breakdance_tags":"","footnotes":""},"class_list":["post-14","page","type-page","status-publish","hentry"],"rankMath":{"parentDomain":"forum2024.ivip.sk","noFollowDomains":[],"noFollowExcludeDomains":[],"noFollowExternalLinks":false,"featuredImageNotice":"The featured image should be at least 200 by 200 pixels to be picked up by Facebook and other social media sites.","pluginReviewed":false,"postSettings":{"linkSuggestions":true,"useFocusKeyword":false},"frontEndScore":false,"postName":"forum-spolocne-hladat-nadej","permalinkFormat":"https:\/\/forum2024.ivip.sk\/","showLockModifiedDate":true,"assessor":{"focusKeywordLink":"https:\/\/forum2024.ivip.sk\/wp-admin\/edit.php?focus_keyword=%focus_keyword%&post_type=%post_type%","hasTOCPlugin":false,"primaryTaxonomy":false,"serpData":{"title":"","description":"","focusKeywords":"","pillarContent":false,"canonicalUrl":"","breadcrumbTitle":"","advancedRobots":[],"facebookTitle":"","facebookDescription":"","facebookImage":"","facebookImageID":"","facebookHasOverlay":false,"facebookImageOverlay":"","facebookAuthor":"","twitterCardType":"","twitterUseFacebook":true,"twitterTitle":"","twitterDescription":"","twitterImage":"","twitterImageID":"","twitterHasOverlay":false,"twitterImageOverlay":"","twitterPlayerUrl":"","twitterPlayerSize":"","twitterPlayerStream":"","twitterPlayerStreamCtype":"","twitterAppDescription":"","twitterAppIphoneName":"","twitterAppIphoneID":"","twitterAppIphoneUrl":"","twitterAppIpadName":"","twitterAppIpadID":"","twitterAppIpadUrl":"","twitterAppGoogleplayName":"","twitterAppGoogleplayID":"","twitterAppGoogleplayUrl":"","twitterAppCountry":"","robots":{"index":true},"twitterAuthor":"username","primaryTerm":0,"authorName":"administrator","titleTemplate":"%title% %sep% %sitename%","descriptionTemplate":"%excerpt%","showScoreFrontend":true,"lockModifiedDate":false},"powerWords":[],"diacritics":{"A":"[\\u0041\\u24B6\\uFF21\\u00C0\\u00C1\\u00C2\\u1EA6\\u1EA4\\u1EAA\\u1EA8\\u00C3\\u0100\\u0102\\u1EB0\\u1EAE\\u1EB4\\u1EB2\\u0226\\u01E0\\u00C4\\u01DE\\u1EA2\\u00C5\\u01FA\\u01CD\\u0200\\u0202\\u1EA0\\u1EAC\\u1EB6\\u1E00\\u0104\\u023A\\u2C6F]","AA":"[\\uA732]","AE":"[\\u00C6\\u01FC\\u01E2]","AO":"[\\uA734]","AU":"[\\uA736]","AV":"[\\uA738\\uA73A]","AY":"[\\uA73C]","B":"[\\u0042\\u24B7\\uFF22\\u1E02\\u1E04\\u1E06\\u0243\\u0182\\u0181]","C":"[\\u0043\\u24B8\\uFF23\\u0106\\u0108\\u010A\\u010C\\u00C7\\u1E08\\u0187\\u023B\\uA73E]","D":"[\\u0044\\u24B9\\uFF24\\u1E0A\\u010E\\u1E0C\\u1E10\\u1E12\\u1E0E\\u0110\\u018B\\u018A\\u0189\\uA779]","DZ":"[\\u01F1\\u01C4]","Dz":"[\\u01F2\\u01C5]","E":"[\\u0045\\u24BA\\uFF25\\u00C8\\u00C9\\u00CA\\u1EC0\\u1EBE\\u1EC4\\u1EC2\\u1EBC\\u0112\\u1E14\\u1E16\\u0114\\u0116\\u00CB\\u1EBA\\u011A\\u0204\\u0206\\u1EB8\\u1EC6\\u0228\\u1E1C\\u0118\\u1E18\\u1E1A\\u0190\\u018E]","F":"[\\u0046\\u24BB\\uFF26\\u1E1E\\u0191\\uA77B]","G":"[\\u0047\\u24BC\\uFF27\\u01F4\\u011C\\u1E20\\u011E\\u0120\\u01E6\\u0122\\u01E4\\u0193\\uA7A0\\uA77D\\uA77E]","H":"[\\u0048\\u24BD\\uFF28\\u0124\\u1E22\\u1E26\\u021E\\u1E24\\u1E28\\u1E2A\\u0126\\u2C67\\u2C75\\uA78D]","I":"[\\u0049\\u24BE\\uFF29\\u00CC\\u00CD\\u00CE\\u0128\\u012A\\u012C\\u0130\\u00CF\\u1E2E\\u1EC8\\u01CF\\u0208\\u020A\\u1ECA\\u012E\\u1E2C\\u0197]","J":"[\\u004A\\u24BF\\uFF2A\\u0134\\u0248]","K":"[\\u004B\\u24C0\\uFF2B\\u1E30\\u01E8\\u1E32\\u0136\\u1E34\\u0198\\u2C69\\uA740\\uA742\\uA744\\uA7A2]","L":"[\\u004C\\u24C1\\uFF2C\\u013F\\u0139\\u013D\\u1E36\\u1E38\\u013B\\u1E3C\\u1E3A\\u0141\\u023D\\u2C62\\u2C60\\uA748\\uA746\\uA780]","LJ":"[\\u01C7]","Lj":"[\\u01C8]","M":"[\\u004D\\u24C2\\uFF2D\\u1E3E\\u1E40\\u1E42\\u2C6E\\u019C]","N":"[\\u004E\\u24C3\\uFF2E\\u01F8\\u0143\\u00D1\\u1E44\\u0147\\u1E46\\u0145\\u1E4A\\u1E48\\u0220\\u019D\\uA790\\uA7A4]","NJ":"[\\u01CA]","Nj":"[\\u01CB]","O":"[\\u004F\\u24C4\\uFF2F\\u00D2\\u00D3\\u00D4\\u1ED2\\u1ED0\\u1ED6\\u1ED4\\u00D5\\u1E4C\\u022C\\u1E4E\\u014C\\u1E50\\u1E52\\u014E\\u022E\\u0230\\u00D6\\u022A\\u1ECE\\u0150\\u01D1\\u020C\\u020E\\u01A0\\u1EDC\\u1EDA\\u1EE0\\u1EDE\\u1EE2\\u1ECC\\u1ED8\\u01EA\\u01EC\\u00D8\\u01FE\\u0186\\u019F\\uA74A\\uA74C]","OI":"[\\u01A2]","OO":"[\\uA74E]","OU":"[\\u0222]","P":"[\\u0050\\u24C5\\uFF30\\u1E54\\u1E56\\u01A4\\u2C63\\uA750\\uA752\\uA754]","Q":"[\\u0051\\u24C6\\uFF31\\uA756\\uA758\\u024A]","R":"[\\u0052\\u24C7\\uFF32\\u0154\\u1E58\\u0158\\u0210\\u0212\\u1E5A\\u1E5C\\u0156\\u1E5E\\u024C\\u2C64\\uA75A\\uA7A6\\uA782]","S":"[\\u0053\\u24C8\\uFF33\\u1E9E\\u015A\\u1E64\\u015C\\u1E60\\u0160\\u1E66\\u1E62\\u1E68\\u0218\\u015E\\u2C7E\\uA7A8\\uA784]","T":"[\\u0054\\u24C9\\uFF34\\u1E6A\\u0164\\u1E6C\\u021A\\u0162\\u1E70\\u1E6E\\u0166\\u01AC\\u01AE\\u023E\\uA786]","TZ":"[\\uA728]","U":"[\\u0055\\u24CA\\uFF35\\u00D9\\u00DA\\u00DB\\u0168\\u1E78\\u016A\\u1E7A\\u016C\\u00DC\\u01DB\\u01D7\\u01D5\\u01D9\\u1EE6\\u016E\\u0170\\u01D3\\u0214\\u0216\\u01AF\\u1EEA\\u1EE8\\u1EEE\\u1EEC\\u1EF0\\u1EE4\\u1E72\\u0172\\u1E76\\u1E74\\u0244]","V":"[\\u0056\\u24CB\\uFF36\\u1E7C\\u1E7E\\u01B2\\uA75E\\u0245]","VY":"[\\uA760]","W":"[\\u0057\\u24CC\\uFF37\\u1E80\\u1E82\\u0174\\u1E86\\u1E84\\u1E88\\u2C72]","X":"[\\u0058\\u24CD\\uFF38\\u1E8A\\u1E8C]","Y":"[\\u0059\\u24CE\\uFF39\\u1EF2\\u00DD\\u0176\\u1EF8\\u0232\\u1E8E\\u0178\\u1EF6\\u1EF4\\u01B3\\u024E\\u1EFE]","Z":"[\\u005A\\u24CF\\uFF3A\\u0179\\u1E90\\u017B\\u017D\\u1E92\\u1E94\\u01B5\\u0224\\u2C7F\\u2C6B\\uA762]","a":"[\\u0061\\u24D0\\uFF41\\u1E9A\\u00E0\\u00E1\\u00E2\\u1EA7\\u1EA5\\u1EAB\\u1EA9\\u00E3\\u0101\\u0103\\u1EB1\\u1EAF\\u1EB5\\u1EB3\\u0227\\u01E1\\u00E4\\u01DF\\u1EA3\\u00E5\\u01FB\\u01CE\\u0201\\u0203\\u1EA1\\u1EAD\\u1EB7\\u1E01\\u0105\\u2C65\\u0250]","aa":"[\\uA733]","ae":"[\\u00E6\\u01FD\\u01E3]","ao":"[\\uA735]","au":"[\\uA737]","av":"[\\uA739\\uA73B]","ay":"[\\uA73D]","b":"[\\u0062\\u24D1\\uFF42\\u1E03\\u1E05\\u1E07\\u0180\\u0183\\u0253]","c":"[\\u0063\\u24D2\\uFF43\\u0107\\u0109\\u010B\\u010D\\u00E7\\u1E09\\u0188\\u023C\\uA73F\\u2184]","d":"[\\u0064\\u24D3\\uFF44\\u1E0B\\u010F\\u1E0D\\u1E11\\u1E13\\u1E0F\\u0111\\u018C\\u0256\\u0257\\uA77A]","dz":"[\\u01F3\\u01C6]","e":"[\\u0065\\u24D4\\uFF45\\u00E8\\u00E9\\u00EA\\u1EC1\\u1EBF\\u1EC5\\u1EC3\\u1EBD\\u0113\\u1E15\\u1E17\\u0115\\u0117\\u00EB\\u1EBB\\u011B\\u0205\\u0207\\u1EB9\\u1EC7\\u0229\\u1E1D\\u0119\\u1E19\\u1E1B\\u0247\\u025B\\u01DD]","f":"[\\u0066\\u24D5\\uFF46\\u1E1F\\u0192\\uA77C]","g":"[\\u0067\\u24D6\\uFF47\\u01F5\\u011D\\u1E21\\u011F\\u0121\\u01E7\\u0123\\u01E5\\u0260\\uA7A1\\u1D79\\uA77F]","h":"[\\u0068\\u24D7\\uFF48\\u0125\\u1E23\\u1E27\\u021F\\u1E25\\u1E29\\u1E2B\\u1E96\\u0127\\u2C68\\u2C76\\u0265]","hv":"[\\u0195]","i":"[\\u0069\\u24D8\\uFF49\\u00EC\\u00ED\\u00EE\\u0129\\u012B\\u012D\\u00EF\\u1E2F\\u1EC9\\u01D0\\u0209\\u020B\\u1ECB\\u012F\\u1E2D\\u0268\\u0131]","j":"[\\u006A\\u24D9\\uFF4A\\u0135\\u01F0\\u0249]","k":"[\\u006B\\u24DA\\uFF4B\\u1E31\\u01E9\\u1E33\\u0137\\u1E35\\u0199\\u2C6A\\uA741\\uA743\\uA745\\uA7A3]","l":"[\\u006C\\u24DB\\uFF4C\\u0140\\u013A\\u013E\\u1E37\\u1E39\\u013C\\u1E3D\\u1E3B\\u017F\\u0142\\u019A\\u026B\\u2C61\\uA749\\uA781\\uA747]","lj":"[\\u01C9]","m":"[\\u006D\\u24DC\\uFF4D\\u1E3F\\u1E41\\u1E43\\u0271\\u026F]","n":"[\\u006E\\u24DD\\uFF4E\\u01F9\\u0144\\u00F1\\u1E45\\u0148\\u1E47\\u0146\\u1E4B\\u1E49\\u019E\\u0272\\u0149\\uA791\\uA7A5]","nj":"[\\u01CC]","o":"[\\u006F\\u24DE\\uFF4F\\u00F2\\u00F3\\u00F4\\u1ED3\\u1ED1\\u1ED7\\u1ED5\\u00F5\\u1E4D\\u022D\\u1E4F\\u014D\\u1E51\\u1E53\\u014F\\u022F\\u0231\\u00F6\\u022B\\u1ECF\\u0151\\u01D2\\u020D\\u020F\\u01A1\\u1EDD\\u1EDB\\u1EE1\\u1EDF\\u1EE3\\u1ECD\\u1ED9\\u01EB\\u01ED\\u00F8\\u01FF\\u0254\\uA74B\\uA74D\\u0275]","oi":"[\\u01A3]","ou":"[\\u0223]","oo":"[\\uA74F]","p":"[\\u0070\\u24DF\\uFF50\\u1E55\\u1E57\\u01A5\\u1D7D\\uA751\\uA753\\uA755]","q":"[\\u0071\\u24E0\\uFF51\\u024B\\uA757\\uA759]","r":"[\\u0072\\u24E1\\uFF52\\u0155\\u1E59\\u0159\\u0211\\u0213\\u1E5B\\u1E5D\\u0157\\u1E5F\\u024D\\u027D\\uA75B\\uA7A7\\uA783]","s":"[\\u0073\\u24E2\\uFF53\\u015B\\u1E65\\u015D\\u1E61\\u0161\\u1E67\\u1E63\\u1E69\\u0219\\u015F\\u023F\\uA7A9\\uA785\\u1E9B]","ss":"[\\u00DF]","t":"[\\u0074\\u24E3\\uFF54\\u1E6B\\u1E97\\u0165\\u1E6D\\u021B\\u0163\\u1E71\\u1E6F\\u0167\\u01AD\\u0288\\u2C66\\uA787]","tz":"[\\uA729]","u":"[\\u0075\\u24E4\\uFF55\\u00F9\\u00FA\\u00FB\\u0169\\u1E79\\u016B\\u1E7B\\u016D\\u00FC\\u01DC\\u01D8\\u01D6\\u01DA\\u1EE7\\u016F\\u0171\\u01D4\\u0215\\u0217\\u01B0\\u1EEB\\u1EE9\\u1EEF\\u1EED\\u1EF1\\u1EE5\\u1E73\\u0173\\u1E77\\u1E75\\u0289]","v":"[\\u0076\\u24E5\\uFF56\\u1E7D\\u1E7F\\u028B\\uA75F\\u028C]","vy":"[\\uA761]","w":"[\\u0077\\u24E6\\uFF57\\u1E81\\u1E83\\u0175\\u1E87\\u1E85\\u1E98\\u1E89\\u2C73]","x":"[\\u0078\\u24E7\\uFF58\\u1E8B\\u1E8D]","y":"[\\u0079\\u24E8\\uFF59\\u1EF3\\u00FD\\u0177\\u1EF9\\u0233\\u1E8F\\u00FF\\u1EF7\\u1E99\\u1EF5\\u01B4\\u024F\\u1EFF]","z":"[\\u007A\\u24E9\\uFF5A\\u017A\\u1E91\\u017C\\u017E\\u1E93\\u1E95\\u01B6\\u0225\\u0240\\u2C6C\\uA763]"},"researchesTests":["contentHasTOC","contentHasShortParagraphs","contentHasAssets","keywordInTitle","keywordInMetaDescription","keywordInPermalink","keywordIn10Percent","keywordInContent","keywordInSubheadings","keywordInImageAlt","keywordDensity","keywordNotUsed","lengthContent","lengthPermalink","linksHasInternal","linksHasExternals","linksNotAllExternals","titleStartWithKeyword","titleSentiment","titleHasPowerWords","titleHasNumber","hasContentAI"],"hasRedirection":false,"hasBreadcrumb":false},"homeUrl":"https:\/\/forum2024.ivip.sk","objectID":14,"objectType":"post","locale":"sk","localeFull":"sk_SK","overlayImages":{"play":{"name":"Play icon","url":"https:\/\/forum2024.ivip.sk\/wp-content\/plugins\/seo-by-rank-math\/assets\/admin\/img\/icon-play.png","path":"\/data\/2\/0\/20a0e8c6-4fda-4805-9e6a-2ac309ac7082\/ivip.sk\/sub\/forum2024\/wp-content\/plugins\/seo-by-rank-math\/assets\/admin\/img\/icon-play.png","position":"middle_center"},"gif":{"name":"GIF icon","url":"https:\/\/forum2024.ivip.sk\/wp-content\/plugins\/seo-by-rank-math\/assets\/admin\/img\/icon-gif.png","path":"\/data\/2\/0\/20a0e8c6-4fda-4805-9e6a-2ac309ac7082\/ivip.sk\/sub\/forum2024\/wp-content\/plugins\/seo-by-rank-math\/assets\/admin\/img\/icon-gif.png","position":"middle_center"}},"defautOgImage":"https:\/\/forum.ivip.sk\/wp-content\/uploads\/2024\/11\/forum-.png","customPermalinks":true,"isUserRegistered":false,"autoSuggestKeywords":false,"connectSiteUrl":"https:\/\/rankmath.com\/auth?site=https%3A%2F%2Fforum2024.ivip.sk&r=https%3A%2F%2Fforum2024.ivip.sk%2Findex.php%2Fwp-json%2Fwp%2Fv2%2Fpages%2F14%3Fnonce%3D4cbe784b8d","maxTags":5,"trendsIcon":"<svg viewBox=\"0 0 610 610\"><path d=\"M18.85,446,174.32,290.48l58.08,58.08L76.93,504a14.54,14.54,0,0,1-20.55,0L18.83,466.48a14.54,14.54,0,0,1,0-20.55Z\" style=\"fill:#4285f4\"\/><path d=\"M242.65,242.66,377.59,377.6l-47.75,47.75a14.54,14.54,0,0,1-20.55,0L174.37,290.43l47.75-47.75A14.52,14.52,0,0,1,242.65,242.66Z\" style=\"fill:#ea4335\"\/><polygon points=\"319.53 319.53 479.26 159.8 537.34 217.88 377.61 377.62 319.53 319.53\" style=\"fill:#fabb05\"\/><path d=\"M594.26,262.73V118.61h0a16.94,16.94,0,0,0-16.94-16.94H433.2a16.94,16.94,0,0,0-12,28.92L565.34,274.71h0a16.94,16.94,0,0,0,28.92-12Z\" style=\"fill:#34a853\"\/><rect width=\"610\" height=\"610\" style=\"fill:none\"\/><\/svg>","showScore":true,"siteFavIcon":"data:image\/png;base64,iVBORw0KGgoAAAANSUhEUgAAABAAAAAQCAYAAAAf8\/9hAAABs0lEQVR4AWL4\/\/8\/RRjO8Iucx+noO0MWUDo16FYABMGP6ZfUcRnWtm27jVPbtm3bttuH2t3eFPcY9pLz7NxiLjCyVd87pKnHyqXyxtCs8APd0rnyxiu4qSeA3QEDrAwBDrT1s1Rc\/OrjLZwqVmOSu6+Lamcpp2KKMA9PH1BYXMe1mUP5qotvXTywsOEEYHXxrY+3cqk6TMkYpNr2FeoY3KIr0RPtn9wQ2unlA+GMkRw6+9TFw4YTwDUzx\/JVvARj9KaedXRO8P5B1Du2S32smzqUrcKGEyA+uAgQjKX7zf0boWHGfn71jIKj2689gxp7OAGShNcBUmLMPVjZuiKcA2vuWHHDCQxMCz629kXAIU4ApY15QwggAFbfOP9DhgBJ+nWVJ1AZAfICAj1pAlY6hCADZnveQf7bQIwzVONGJonhLIlS9gr5mFg44Xd+4S3XHoGNPdJl1INIwKyEgHckEhgTe1bGiFY9GSFBYUwLh1IkiJUbY407E7syBSFxKTszEoiE\/YdrgCEayDmtaJwCI9uu8TKMuZSVfSa4BpGgzvomBR\/INhLGzrqDotp01ZR8pn\/1L0JN9d9XNyx0AAAAAElFTkSuQmCC","canUser":{"general":false,"advanced":false,"snippet":false,"social":false,"analysis":false,"analytics":false,"content_ai":false},"isPro":false,"is_front_page":false,"trendsUpgradeLink":"https:\/\/rankmath.com\/pricing\/?utm_source=Plugin&utm_medium=CE%20General%20Tab%20Trends&utm_campaign=WP","trendsUpgradeLabel":"Upgrade","trendsPreviewImage":"https:\/\/forum2024.ivip.sk\/wp-content\/plugins\/seo-by-rank-math\/assets\/admin\/img\/trends-preview.jpg","currentEditor":false,"homepageData":{"assessor":{"powerWords":[],"diacritics":true,"researchesTests":["contentHasTOC","contentHasShortParagraphs","contentHasAssets","keywordInTitle","keywordInMetaDescription","keywordInPermalink","keywordIn10Percent","keywordInContent","keywordInSubheadings","keywordInImageAlt","keywordDensity","keywordNotUsed","lengthContent","lengthPermalink","linksHasInternal","linksHasExternals","linksNotAllExternals","titleStartWithKeyword","titleSentiment","titleHasPowerWords","titleHasNumber","hasContentAI"],"hasBreadcrumb":false,"serpData":{"title":"%sitename% %page% %sep% %sitedesc%","description":"","titleTemplate":"%sitename% %page% %sep% %sitedesc%","descriptionTemplate":"","focusKeywords":"","breadcrumbTitle":"Home","robots":{"index":true},"advancedRobots":[],"facebookTitle":"","facebookDescription":"","facebookImage":"","facebookImageID":""}}},"tocTitle":"Table of Contents","tocExcludeHeadings":[],"listStyle":"ul"},"_links":{"self":[{"href":"https:\/\/forum2024.ivip.sk\/index.php\/wp-json\/wp\/v2\/pages\/14","targetHints":{"allow":["GET"]}}],"collection":[{"href":"https:\/\/forum2024.ivip.sk\/index.php\/wp-json\/wp\/v2\/pages"}],"about":[{"href":"https:\/\/forum2024.ivip.sk\/index.php\/wp-json\/wp\/v2\/types\/page"}],"author":[{"embeddable":true,"href":"https:\/\/forum2024.ivip.sk\/index.php\/wp-json\/wp\/v2\/users\/1"}],"replies":[{"embeddable":true,"href":"https:\/\/forum2024.ivip.sk\/index.php\/wp-json\/wp\/v2\/comments?post=14"}],"version-history":[{"count":106,"href":"https:\/\/forum2024.ivip.sk\/index.php\/wp-json\/wp\/v2\/pages\/14\/revisions"}],"predecessor-version":[{"id":328,"href":"https:\/\/forum2024.ivip.sk\/index.php\/wp-json\/wp\/v2\/pages\/14\/revisions\/328"}],"wp:attachment":[{"href":"https:\/\/forum2024.ivip.sk\/index.php\/wp-json\/wp\/v2\/media?parent=14"}],"curies":[{"name":"wp","href":"https:\/\/api.w.org\/{rel}","templated":true}]}}